{"id":1909,"date":"2025-06-16T10:22:47","date_gmt":"2025-06-16T10:22:47","guid":{"rendered":"https:\/\/feed4justice.ces.uc.pt\/?page_id=1909"},"modified":"2025-07-05T10:48:49","modified_gmt":"2025-07-05T10:48:49","slug":"1909-2","status":"publish","type":"page","link":"https:\/\/feed4justice.ces.uc.pt\/?page_id=1909","title":{"rendered":""},"content":{"rendered":"\n<figure class=\"wp-block-image size-large\"><img loading=\"lazy\" decoding=\"async\" width=\"1024\" height=\"576\" src=\"https:\/\/feed4justice.ces.uc.pt\/wp-content\/uploads\/2025\/04\/Maite-1024x576.jpg\" alt=\"\" class=\"wp-image-1842\" srcset=\"https:\/\/feed4justice.ces.uc.pt\/wp-content\/uploads\/2025\/04\/Maite-1024x576.jpg 1024w, https:\/\/feed4justice.ces.uc.pt\/wp-content\/uploads\/2025\/04\/Maite-300x169.jpg 300w, https:\/\/feed4justice.ces.uc.pt\/wp-content\/uploads\/2025\/04\/Maite-768x432.jpg 768w, https:\/\/feed4justice.ces.uc.pt\/wp-content\/uploads\/2025\/04\/Maite-1536x864.jpg 1536w, https:\/\/feed4justice.ces.uc.pt\/wp-content\/uploads\/2025\/04\/Maite.jpg 1920w\" sizes=\"auto, (max-width: 1024px) 100vw, 1024px\" \/><\/figure>\n\n\n\n<div class=\"wp-block-group alignwide is-vertical is-layout-flex wp-container-core-group-is-layout-fe9cc265 wp-block-group-is-layout-flex\">\n<p><strong><mark style=\"background-color:rgba(0, 0, 0, 0);color:#ffffff\" class=\"has-inline-color\"><strong>Maite Aristegi, baserritarra, abokatua, EHNE nekazari sindikatuko idazkari nagusi ohia (1997-2002), eta Espainiako Kongresuko diputatu ohia euskal ezker subiranistaren ordezkari gisa (2011-2015) \u2013 Bergara, Gipuzkoa<\/strong><\/mark><\/strong><\/p>\n\n\n\n<p>Maite, <a href=\"https:\/\/www.nekatur.net\/lamaino\">Lama\u00f1o Etxeberri<\/a> baserrian jaio eta hazi zen. Txikitatik laguntzen zuen nekazaritza lanetan, amarekin batera esnea eta barazkiak saltzen zituen, eta bertan ikasi zuen ondo egindako lanaren balioa, baita lurra eta bezeroekin harreman zuzena zaintzearen garrantzia ere. Hasieran Erizaintza ikasi nahi bazuen ere, bost nebaren artean alaba bakarra zenez, gurasoek etxean geratzera animatu zuten, eta azkenean Zuzenbidea ikasi ahal izan zuen. Ikasketak amaituta, oso gazte hasi zen lanean <a href=\"https:\/\/www.ehnebizkaia.eus\/\">EHNE<\/a> sindikatuan abokatu gisa, eta horrek esan nahi izan zuen jauzi egitea baserritik nekazal sindikalismora. Ingurune oso maskulino bati egin behar izan zion aurre, baita aldaketa betean zegoen nekazaritza eredu bati ere, intentsifikaziora bultzatzen zuena, baserri tradizionalaren eskala humanoa atzean utziz, eta \u201cerrege bihurtu zen esnearen ekoizpena eta beste guztia pixka bat atzean geratu zen\u201d.<\/p>\n\n\n\n<p>Gogoan du nola, urteetan zehar, emakumeen parte-hartzea oso mugatua eta bigarren mailakoa izan den nekazaritzaren munduan: \u201cGizonen mundua zen\u201d, azaldu du, eta emakumeak zalantzak argitzera joaten ziren, baina oso gutxitan hartzen zuten parte erabakietan. Askotan ez zuten eskubiderik, ezta Gizarte Segurantzarik ere, gizonek adina lan egiten zuten arren baserrietan. \u201cMatxismo hutsez eginiko legea zen\u201d, salatu du, eta azpimarratu du nekazaritza intentsiboko eredua areagotzen aritu zela bazterketa hori. Ustiategiak mekanizatzen eta espezializatzen hasi ahala, emakumeak ikusezinago bihurtu ziren, eta gainera beren gain hartu behar izan zuten zaintza lan guztien zama ere. Ekoizpen masiboa saritzen zuen sistema baten aurrean, eta lan anitza gutxietsita, emakume asko \u201cdenborarik gabe, ahotsik gabe eta aitorpenik gabe\u201d sentitzen ziren.&nbsp;&nbsp;<\/p>\n\n\n\n<p>Denborarekin, hala ere, emakumeek antolatzen eta ahotsa berreskuratzen hasi ziren. \u201cElkartzen hasi ginen gure arazoak mahai gainean jarri eta erantzunak bilatzeko\u201d, kontatu du Maitek. Europako beste esperientziekin harremanetan jarrita, salmenta zuzenean edo produktuen artisau-eraldaketan oinarritutako ereduek erakutsi zuten beste bide bat posible zela. \u201cEz da hainbeste behar\u201d, zioten, ikusita eredu txikiago eta dibertsifikatuago bat izan zitekeela bideragarria, jasangarria eta gogobetegarriagoa. Nahiz eta askotan oztopo burokratiko eta kulturalak topatu, emakumeek defendatutako ikuspegia gero eta toki gehiago hartzen ari da, Maitek uste baitu baserriaren etorkizuna dela nekazaritza bizia, pertsonak erdigunean jartzen dituena eta zaintza ardatz duena.<\/p>\n\n\n\n<p>Maitek azpimarratu du emakume baserritarrek oztopo egiturazko eta ideologikoak dituztela aurrean. Alde batetik, gizonekin partekatzen dute nekazaritza eredu duin eta bideragarri baten erronka, bizi-kalitatea bermatuko duena elikadura burujabetzaren testuinguruan. Baina horri gehitu behar zaizkio emakumeei eragiten dieten berariazko oztopoak, hala nola, desberdintasunak lan-eskubideetan, amatasun bajak edo Gizarte Segurantzarako sarbidea. \u201cAskotan zailtasun handienak ekonomikoak izaten dira\u201d, dio, eta nabarmendu du emakumeak sarritan sistematik kanpo geratzen direla baliabiderik ez dutelako edo erabaki ideologikoen ondorioz. Horrez gain, funtsezkotzat jotzen ditu zaintza-lanen banaketa errazteko eta berdintasunean aurrera egiteko politika publikoak, izan ere, \u201cgaur baserrian ezartzeko, politika publikoak behar dira zenbait lan arintzeko\u201d.<\/p>\n\n\n\n<p>Nahiz eta Maitek pozik hartu duen Emakume Nekazarien Estatutua bezalako aurrerapena (2015ean aho batez onartu zen Eusko Legebiltzarrean), kritikatu du sarritan lorpen horiek sinbolikoak baino ez direla. \u201cEkonomikoki bideragarria izan behar du. Bestela, beste guztia alferrikakoa da\u201d, azpimarratu du. Halaber, salatu du PAC bezalako politikek ez dituztela arazoaren erroak ukitzen, eta agroindustriaren eredua indartzen dutela, emakumeak baztertuz. Haren ustez, eredu aldaketa da gakoa: \u201cNekazaritza \u2018logikoan\u2019 egongo dira emakumeak\u201d. Emakumeek gidatutako proiektu agroekologikoentzat babes gehiago eta oztopo burokratiko gutxiago eskatzen du. \u201cFeminismoak asko ahaldundu gaitu&#8230; elkarrekin gai gara. Eta ezin gara isilik geratu\u201d, ondorioztatzen du.<\/p>\n<\/div>\n\n\n\n<!--nextpage-->\n\n\n\n<figure class=\"wp-block-image size-large\"><img loading=\"lazy\" decoding=\"async\" width=\"1024\" height=\"576\" src=\"https:\/\/feed4justice.ces.uc.pt\/wp-content\/uploads\/2025\/04\/Amets-1024x576.jpg\" alt=\"\" class=\"wp-image-1841\" srcset=\"https:\/\/feed4justice.ces.uc.pt\/wp-content\/uploads\/2025\/04\/Amets-1024x576.jpg 1024w, https:\/\/feed4justice.ces.uc.pt\/wp-content\/uploads\/2025\/04\/Amets-300x169.jpg 300w, https:\/\/feed4justice.ces.uc.pt\/wp-content\/uploads\/2025\/04\/Amets-768x432.jpg 768w, https:\/\/feed4justice.ces.uc.pt\/wp-content\/uploads\/2025\/04\/Amets-1536x864.jpg 1536w, https:\/\/feed4justice.ces.uc.pt\/wp-content\/uploads\/2025\/04\/Amets.jpg 1920w\" sizes=\"auto, (max-width: 1024px) 100vw, 1024px\" \/><\/figure>\n\n\n\n<div class=\"wp-block-group alignwide is-vertical is-layout-flex wp-container-core-group-is-layout-fe9cc265 wp-block-group-is-layout-flex\">\n<p><strong><mark style=\"background-color:rgba(0, 0, 0, 0);color:#ffffff\" class=\"has-inline-color\"><strong><strong>Amets Ladislao, produktu ekologiko eta tokikoen Bizkaigane kooperatibako bazkidea, EHNE-Bizkaia nekazal sindikatuko zuzendaritzako kidea eta <a href=\"https:\/\/etxaldeko-emakumeak.elikaherria.eus\/\">Etxaldeko Emakumeak<\/a> taldeko partaidea \u2013 Errigoiti, Bizkaia<\/strong><\/strong><\/mark><\/strong><\/p>\n\n\n\n<p>Amets, Algortan jaioa, ohiko unibertsitate ibilbidetik aldendu zen Historia ikasketetan izandako esperientzia etsigarriaren ondoren, eta nekazaritza lanari heltzea erabaki zuen, familiaren hasierako ezezkoaren gainetik. \u201cBaserritarra izan nahi dut\u201d, esan zuen, eta Derioko nekazaritza eskolan hasi zen prestatzen. Ez dator zuzenean baserritik, baina 20 urte baino gehiago daramatza Bizkaiko hainbat ustiategitan lanean, eta horrek sektorearen ezagutza zabala eman dio. Gaur egun <a href=\"https:\/\/www.bizkaigane.eus\/index_es.html\">Bizkaiganen<\/a> egiten du lan, eta bertatik modu aktiboan parte hartzen du <a href=\"https:\/\/www.ehnebizkaia.eus\/\">EHNE-Bizkaia<\/a> sindikatuan, pixkanaka ardura gehiago hartuz modu naturalean. \u201cSindikalismoan sartzea nire lanaren beste atal bat izan da, ekoizpena bezala. Ezin dut bata bestea gabe ulertu\u201d, dio.<\/p>\n\n\n\n<p>EHNE-Bizkaiako kide gisa, Ametsen ustez sindikalismoa feminista eta agroekologikoa izan behar da, elikadura burujabetzarekin eta ekoizpen ereduaren eraldaketarekin konprometitua. Sindikatuan feminismoa emakumeek behetik bultzatua izan dela dio, aldarrikatuz nekazaritza eredu anitzagoak eta jasangarriagoak: \u201cEmakumeok eredu txikietan geratu ginen, eta gero ulertu genuen hori apustu politikoa ere bazela\u201d. Espazio zabalagoetan parte hartzeari dagokionez erronkak dauden arren, bere ustez feminismotik gaur egun \u201cjarduerak egiteko baino gehiago espazioa zaintzeko joera dago, eta denbora asko ematen dugu nola sentitzen garen aztertzen, gauzak egiten baino gehiago\u201d. Bere ustean \u201cemakume nekazariak urgentzia praktikoa du, eta guk beste toki batetik ulertzen dugu zaintza\u201d. Horregatik, emakume baserritarren feminismoak bere forma eta denbora propioak ditu.<\/p>\n\n\n\n<p>Ametsen esanetan, emakume eta gazte izateak zailtasun ugari dakartza historikoki zahartutako eta maskulinizatutako sektorean. Azaltzen du emakumeen lana sarritan ikuspegi paternalistatik baloratzen dela, eta horrek kritika eraikitzailea eta benetako ikaskuntza eragozten duela: \u201czuk aurrera jarraitzen duzu hanka sartzeekin, eta inor ez da ausarten esaten \u2018horrela ez!\u2019\u201d. Oztopo horien gainetik, bere sindikatuak feminismoarekin duen konpromisoa nabarmendu du: \u201cagenda politikoaren azken puntua izatetik\u201d eztabaida guztietan txertatuta egotera igaro da. Galiziako sindikatuarena (Sindicato Galego) bezalako estrategia zuzenagoen aurrean, EHNEn feminismoa pixkanaka sartzearen alde egin zuten: \u201cpixkanaka gaiak sartzen joan ginen\u201d, deserosotasunik sortu gabe, baina helburu eraldatzailea tinko mantenduz.<\/p>\n\n\n\n<p>Ikuspegi intersekzionaletik, Ametsek emakume nekazariek pairatzen duten prekarietate hirukoitza salatzen du: ekonomikoa, politikoa eta generoari lotutakoa. \u201cEmakumeak gara eta, horregatik, emakumeok oro har pairatzen ditugun diskriminazio guztiak jasaten ditugu: ikusezintasuna, etengabeko epaiak&#8230;\u201d. Gehitu du patriarkatuaren ondorioz emakume asko ez zirela nekazari gisa aitortuak izan, emakumeek beraiek ere ez zituztela beraien buruak aitortu, eta oroitu du 90eko hamarkadan bere sindikatuak nola bultzatu zituen emakumeentzako kotizazio sozialak bermatzeko neurriak. Hala ere, oraindik ere politika publikoek \u2014PAC kasu\u2014 ezberdintasunak iraunarazten dituzte, lagunduz lur eta animalien jabeak \u2014gehienetan gizonak edo enpresa handiak\u2014, eta kanpo utziz lurra benetan lantzen dutenak. \u201cPAC da Europa osoan errentarekin loturarik ez duen laguntza publiko bakarra\u201d, salatu du.&nbsp;&nbsp;&nbsp;<\/p>\n\n\n\n<p>Ametsek Emakume Nekazarien Euskal Estatutuaren garapen falta ere kritikatu du, bere horretan helburu bihurtu zela adieraziz: \u201cEstatutua lortu genuenean, listo, denek arnasa lasai hartu zuten\u201d. Organo exekutiboetan paritatea bezalako neurriak sustatu baditu ere, ohartarazi du aldaketa horiek nahikoak ez direla botere-harremanetan lan sakonik egin gabe. UAGAren kasua ekarri du gogora, izan ere, <a href=\"https:\/\/www.uaga.eus\/\">UAGAren<\/a> exekutiboa hautsi egin zen, bertan sartu ziren emakumeak benetan integratu ez zirelako. Azkenik, azpimarratu du euren helburua ez dela azaleko aldaketa, baizik eta egiturazko eraldaketa: \u201catzera bueltarik izango ez duen agertoki berria nahi dugu\u201d.<\/p>\n<\/div>\n\n\n\n<!--nextpage-->\n\n\n\n<figure class=\"wp-block-image size-large\"><img loading=\"lazy\" decoding=\"async\" width=\"1024\" height=\"576\" src=\"https:\/\/feed4justice.ces.uc.pt\/wp-content\/uploads\/2025\/04\/Malu-1024x576.jpg\" alt=\"\" class=\"wp-image-1840\" srcset=\"https:\/\/feed4justice.ces.uc.pt\/wp-content\/uploads\/2025\/04\/Malu-1024x576.jpg 1024w, https:\/\/feed4justice.ces.uc.pt\/wp-content\/uploads\/2025\/04\/Malu-300x169.jpg 300w, https:\/\/feed4justice.ces.uc.pt\/wp-content\/uploads\/2025\/04\/Malu-768x432.jpg 768w, https:\/\/feed4justice.ces.uc.pt\/wp-content\/uploads\/2025\/04\/Malu-1536x864.jpg 1536w, https:\/\/feed4justice.ces.uc.pt\/wp-content\/uploads\/2025\/04\/Malu.jpg 1920w\" sizes=\"auto, (max-width: 1024px) 100vw, 1024px\" \/><\/figure>\n\n\n\n<p><\/p>\n\n\n\n<!--nextpage-->\n\n\n\n<figure class=\"wp-block-image size-large\"><img loading=\"lazy\" decoding=\"async\" width=\"1024\" height=\"537\" src=\"https:\/\/feed4justice.ces.uc.pt\/wp-content\/uploads\/2025\/04\/Leire-1024x537.jpg\" alt=\"\" class=\"wp-image-1845\" srcset=\"https:\/\/feed4justice.ces.uc.pt\/wp-content\/uploads\/2025\/04\/Leire-1024x537.jpg 1024w, https:\/\/feed4justice.ces.uc.pt\/wp-content\/uploads\/2025\/04\/Leire-300x157.jpg 300w, https:\/\/feed4justice.ces.uc.pt\/wp-content\/uploads\/2025\/04\/Leire-768x402.jpg 768w, https:\/\/feed4justice.ces.uc.pt\/wp-content\/uploads\/2025\/04\/Leire-1536x805.jpg 1536w, https:\/\/feed4justice.ces.uc.pt\/wp-content\/uploads\/2025\/04\/Leire.jpg 1920w\" sizes=\"auto, (max-width: 1024px) 100vw, 1024px\" \/><\/figure>\n\n\n\n<div class=\"wp-block-group alignwide is-vertical is-layout-flex wp-container-core-group-is-layout-fe9cc265 wp-block-group-is-layout-flex\">\n<p><strong><mark style=\"background-color:rgba(0, 0, 0, 0);color:#ffffff\" class=\"has-inline-color\"><strong><strong><strong>Leire Sorhouet, Bizkaigane produktu ekologiko eta tokikoen kooperatibako kidea eta Errigoitiko Udaleko zinegotzia \u2013 Errigoiti, Bizkaia<\/strong><\/strong><\/strong><\/mark><\/strong><\/p>\n\n\n\n<p>Leire Bilbon jaiotakoa eta Biologia ikasitakoa da. Atzerrian zenbait urtez egon ondoren eta lorezaintzan ikasketak egin ostean, landa-eremuan aurkitu zuen bere lekua. Ia ustekabean sartu zen <a href=\"https:\/\/www.bizkaigane.eus\/index_es.html\">Bizkaigane<\/a> kooperatiban \u201440 urte baino gehiagoko ibilbidea duen nekazaritza-kooperatiba batean\u2014: \u201cAmaia ordezkatzeko deitu zidaten, amatasun baimen batean zegoen sei hilabetez&#8230; eta dagoeneko zazpi urte igaro dira\u201d. Gaur egun, bederatzi kide dituen kooperatiban bera da hiru emakumeetako bat, eta aktiboki parte hartzen du hasieratik lankidetzaren eta ekoizpen ekologikoaren alde egin duen proiektuan.<\/p>\n\n\n\n<p>Baserrira egokitzea ez zen beldurrik gabea izan, batez ere lan fisikoaren exijentziagatik. \u201cPixka bat gutxiago sentitzen nintzen, txikiago\u201d, gogoratzen du. Hala ere, denborarekin, bere tokia aldarrikatu zuen taldearen baitan, bere esperientziari, izaerari eta lanaren ikuspegi kolaboratiboagoari esker. Leireren esanetan, kooperatibismoa eraiki ohi da \u201celkarren arteko laguntzaren, sinergien eta zaintzaren\u201d gainean. Filosofia horrek generoa gainditzen du eta kooperatibaren barne-antolaketan ere islatzen da, non emakumeek \u2014dioenez\u2014 talde osoa aberasten duten \u201cantolakuntza maila eta aurreikusteko gaitasuna\u201d ekartzen dituzten.<\/p>\n\n\n\n<p>Proiektuaren dimentsio eraldatzailea islatzen da Leirek politika publiko eta ekoizpen-eredu nagusien aurrean duen ikuspegi kritikoan ere. Aldaketak integrala izan behar duela azpimarratzen du, erakundeetatik hasi eta norbanakoen ohituretaraino: \u201cHartzen diren erabakiek markatuko dute\u2026 zer gizarte mota bihurtuko garen\u201d. Agroekologia, bere ustez, ez da soilik nekazaritza-eredu bat, baizik eta zaintzan oinarritutako etika bat: lurraren, animalien eta pertsonen zaintza.<\/p>\n\n\n\n<p>Azkenik, Leirek talde-lanaren garrantzia nabarmentzen du, bizitza pertsonala eta lanekoa uztartzeko giltzarri gisa. \u201cEz da lanpostu huts bat, bizitzeko modu bat bihurtzen da\u201d, dio, gogoratuz bere amonak bizi izan zituen baserri tradizionalaren baldintza gogorrak. Horren aurrean, Bizkaiganek bestelako landa-bizitza bat bilatzen du: kooperatiboa, iraunkorra eta gizatiarra.<\/p>\n\n\n\n<p>Leirerentzat, emakumeak landa-ingurunera erakartzeko oztopo nagusia kontziliazioa eta benetako berdintasuna dira, eta horrekin batera erakundeen aintzatespena behar da: \u201csoldatak, denborak, lanak, lan-motak\u201d. Hasieran beldur zen lan fisikoaren exijentziagatik, baina laster ulertu zuen benetako oztopoa zela \u201cburutik kentzea gizarteak edo familiak transmititutako kutsadurak\u201d. Azpimarratzen du aldaketa ez dela politikoa soilik izan behar, soziala eta pertsonala ere bai: \u201cbatez ere gizarte mailan lan egin behar da, eta baita barrutik, norberaren barrutik ere\u201d. Beretzat, harrotasun iturri da agroekologia proiektu batean parte hartzea, elikagaiak ekoizteaz gain, osasuna eta autonomia sustatzen baititu: \u201cez da soilik elikadura-subiranotasuna, baizik eta geure buruaren jabe izatea maila guztietan\u201d.&nbsp;<\/p>\n<\/div>\n\n\n\n<!--nextpage-->\n\n\n\n<figure class=\"wp-block-image size-large\"><img loading=\"lazy\" decoding=\"async\" width=\"1024\" height=\"577\" src=\"https:\/\/feed4justice.ces.uc.pt\/wp-content\/uploads\/2025\/04\/Alazne-1024x577.jpeg\" alt=\"\" class=\"wp-image-1790\" srcset=\"https:\/\/feed4justice.ces.uc.pt\/wp-content\/uploads\/2025\/04\/Alazne-1024x577.jpeg 1024w, https:\/\/feed4justice.ces.uc.pt\/wp-content\/uploads\/2025\/04\/Alazne-300x169.jpeg 300w, https:\/\/feed4justice.ces.uc.pt\/wp-content\/uploads\/2025\/04\/Alazne-768x433.jpeg 768w, https:\/\/feed4justice.ces.uc.pt\/wp-content\/uploads\/2025\/04\/Alazne.jpeg 1129w\" sizes=\"auto, (max-width: 1024px) 100vw, 1024px\" \/><\/figure>\n\n\n\n<div class=\"wp-block-group alignwide is-vertical is-layout-flex wp-container-core-group-is-layout-fe9cc265 wp-block-group-is-layout-flex\">\n<p><strong><mark style=\"background-color:rgba(0, 0, 0, 0);color:#ffffff\" class=\"has-inline-color\"><strong><strong><strong><strong>Alazne Intxauspe, nekazari ekologikoa eta EHNE-Bizkaia sindikatuaren zuzendaritzako kidea<\/strong><\/strong><\/strong><\/strong><\/mark><\/strong><\/p>\n\n\n\n<p>Alazne landa-ingurunetik dator, nahiz eta bere gurasoek ez zuten bizimodua baserritik atera. Animaliak hazten zituzten eta baratzea lantzen zuten, baina dena autosufizientziarako zen. Bazirudien unibertsitateko prestakuntzak eta zazpi urtez telebista-produkzioko munduan aritzeak nekazaritzatik urrundu zutela, baina 2012an, bere bikotekidearekin batera, EHNEk eskainitako agroekologia ikastaro bat egin zuen, eta hortik abiatu zuen baratzezaintza ekologikoaren bidea. Hasierako motibazioa ez zen ekoizpena bera izan, baizik eta elikadurarekiko ardura: interesatzen zitzaion \u201cnola elikatzen garen, zer jaten dugun, nondik datorren jaten duguna&#8230;\u201d. Kezka horrek eraman zuen agroekologia esploratzera bizitzeko modu posible gisa.<\/p>\n\n\n\n<p>Barazkien ekoizpenaz gain, Alaznek eta bere bikotekideak kontserba-ekimen txiki bat jarri zuten martxan, eta 2014az geroztik, Alazne alta emanda dago nekazari autonomo gisa. Ekoizpen lanarekin batera, oso inplikatuta egon da antolaketaren eta sindikalismoaren esparruan, parte hartuz <a href=\"https:\/\/www.ehnebizkaia.eus\/\">EHNE Bizkaia<\/a>, <a href=\"https:\/\/www.elikaherria.eus\/etxalde-2\/\">Etxalde<\/a> eta <a href=\"https:\/\/www.eurovia.org\/es\/\">V\u00eda Campesina<\/a> erakundeetan. Berarentzat beti izan da garrantzitsua eramatea \u201caitzurra eta boligrafoa\u201d, hau da, lan praktikoa uztartzea gogoeta egitearekin eta antolatzearekin. Sindikatuan sartzea testuinguruarekin lotuta egon zen: sindikatuak gazteak eta emakumeak integratu nahi zituen, eta bere hitzetan, \u201camain eman nion neure buruari eta horrela sartu nintzen zuzendaritzan\u201d.&nbsp;&nbsp;<\/p>\n\n\n\n<p>Agroekologiaren eta feminismoren arteko lotura da bere konpromisoaren oinarrietako bat. EHNEren agroekologiarako aldaketa estrategikoa Alazne iritsi aurretik eman bazen ere, azken urteetan ikuspegi feministan ere sakondu dela uste du. Aurreko belaunaldietako emakumeen lana nabarmendu du, hala nola Maritxurena, baratzezaintzan aitzindaria izan baitzen abeltzaintza nagusi zen testuinguruan, eta nahiz eta \u201cziurrenik berak ez zion feminismo izena jarri\u2026 niretzat aurrekari argia da\u201d. Alaznek defendatzen du emakumeak historikoki buru izan direla baserri ereduan eta familia-nekazaritzan, eta askotan sistema horri eutsi diotela oin hartuta zaintzan, jasangarritasunean eta elikadura-subiranotasunean, diskurtso handirik behar izan gabe.<\/p>\n\n\n\n<p>Hala ere, kritikoa da oraindik ere badirauten egiturazko oztopoekin. Adierazten du emakumeen parte-hartze osoa oztopatzen duten faktoreak direla zaintza-lanen zama eta benetako bideragarritasun ekonomikoa lortzeko zailtasunak. Zenbait lege-aurrerapen balioesten ditu, hala nola Euskal Autonomia Erkidegoko Nekazaritzako Emakumeen Estatutua, baina haren eraginari buruzko zalantzak ere adierazten ditu: \u201cguztiaz hitz egiten du\u2026 baina hor gelditzen da. Hori ez bada programa edo ekintza zehatzetara jaisten&#8230;\u201d. Ordezkaritza-mekanismoei dagokienez, ez du uste kuoten ezarpen hutsak benetako eraldaketa bermatzen duenik, aurretiko oinarri-lanik gabe.<\/p>\n\n\n\n<p>Bere esperientziatik, azpimarratu du emakumeen parte-hartzea ez dela soilik genero kontu batera mugatu behar, baizik eta aniztasun mota guztietara zabaldu behar dela. Funtsezkotzat jotzen du hainbat errealitate (immigrazioa, adibidez) bilduko dituen erakunde bizia eraikitzea eta lidergo partekatuak sortzea. Hala ere, aitortzen du egunerokoak muga handiak jartzen dituela: \u201cekoizten dugu, saltzen dugu, paperak egiten ditugu\u2026 eta gero zaila da beste espazio batzuetan parte hartzea, nahi izanda ere\u201d.<\/p>\n\n\n\n<p>Dena den, aurrerapauso esanguratsuak ikusten ditu. Bere ingurune agroekologikoan emakumeen parte-hartzea aktiboa da, prestakuntza gehiago dago, espazio partekatu gehiago eta ikusgarritasun handiagoa. Onartzen du \u201cbeste batzuek egindako lanari esker, gaur egun guk bestelako egoera bat bizi dugula\u201d. Berarentzat, aldaketa ez dago lege edo politiken mende bakarrik, behetik eraikitzen den konpromiso erreal, kolektibo eta etengabearen mende baizik. Eta politika publikoek benetan sustatu nahi badituzte emakumeak lehen sektorean, kontraesan handia da aldi berean nekazaritza industrialaren eredua bultzatzea.&nbsp;<\/p>\n<\/div>\n\n\n\n<!--nextpage-->\n\n\n\n<figure class=\"wp-block-image size-full\"><img loading=\"lazy\" decoding=\"async\" width=\"950\" height=\"533\" src=\"https:\/\/feed4justice.ces.uc.pt\/wp-content\/uploads\/2025\/04\/Lorena.jpg\" alt=\"\" class=\"wp-image-1807\" srcset=\"https:\/\/feed4justice.ces.uc.pt\/wp-content\/uploads\/2025\/04\/Lorena.jpg 950w, https:\/\/feed4justice.ces.uc.pt\/wp-content\/uploads\/2025\/04\/Lorena-300x168.jpg 300w, https:\/\/feed4justice.ces.uc.pt\/wp-content\/uploads\/2025\/04\/Lorena-768x431.jpg 768w\" sizes=\"auto, (max-width: 950px) 100vw, 950px\" \/><\/figure>\n\n\n\n<div class=\"wp-block-group alignwide is-vertical is-layout-flex wp-container-core-group-is-layout-fe9cc265 wp-block-group-is-layout-flex\">\n<p><strong><mark style=\"background-color:rgba(0, 0, 0, 0);color:#ffffff\" class=\"has-inline-color\"><strong><strong><strong><strong><strong>Lorena Costas, ahuntz gaztaren ekoizlea Marintarrena baserrian \u2013 Otxandio, Bizkaia<\/strong><\/strong><\/strong><\/strong><\/strong><\/mark><\/strong><\/p>\n\n\n\n<p>Baseri munduan jaio ez arren, beti sentitu izan du barruan zeramala. Otxandioko herrian hazi zen, baina asteburuetan bere familiaren baserrian, eta txikitatik piztu zitzaion animaliekiko maitasuna, ia-ia obsesio naturaltzat hartuta. \u201cUste dut baserritarra jaio egiten dela\u201d, dio konbentzituta.<\/p>\n\n\n\n<p>Bere ibilbidea ez da lerro zuzena izan. Urteetan ikasketak ostalaritzako lanarekin uztartu zituen, bere tokia aurkitu ezinik. Zaldiak maite zituen eta zaldi-teknikari gisa trebatu zen, zalditegietan lan egin zuen eta sektore horretan zerbait sortzea ere pentsatu zuen. Baina azkar ohartu zen kostuek ezinezko bihurtzen zutela amets hori. Ama gazte bihurtu eta bikotekidearekin Otxandion finkatu ondoren, eskuratu ahal izan zuten lurasilean proiektu berri baten hasiera aurkitu zuen: ahuntz-azienda txiki bat.<\/p>\n\n\n\n<p>Ustiaketa-eredu maneiagarria aukeratu zuen, erdi-estentsiboa, lurrari eta klimari egokitua. Gaur egun, 100 ahuntz ingururekin, bere gazta ekoizten du eta, gehienbat, zuzenean saltzen du. Bidea gogorra izan da, fisikoki eta mentalki zorrotza, batez ere bi alaba txikiak hazten ari zen bitartean. Bera arduratu zen jezteaz, kudeaketaz, finantzaketaz, salmentaz&#8230; Duela gutxi, senarra bete-betean sartu zen proiektuan, baina berak jarraitzen du gidari.<\/p>\n\n\n\n<p>Lorenak inoiz ez du sinetsi landa-eremua gizonentzat soilik denik. Dioenez, emakumeak betidanik egon dira lanean, baina ikusezin bihurturik. Eta bera horren lekuko da: sendoa, autonomoa eta bere artaldeko ahuntz bakoitza ezagutzeko memoria ezin hobez hornitua. Batzuetan jasan ditu jarrera matxistak, batez ere adineko gizonen aldetik, baina segurtasunez eta umorez erantzuten du. Bere ingurunean, behintzat, emakumeak pisua, ahotsa eta erabakia dauzka.<\/p>\n\n\n\n<p>Bere proiektuaren zutabeetako bat izan da tokiko ekoizle-sareekin konektatzea. \u201cEtartea\u201d bezalako denda kooperatiboetan parte hartzen du, baita landa-merkatuetan eta produktu lokalak eskura erraz jartzen dituzten plataforma digitaletan ere, hala nola \u201c<a href=\"https:\/\/denda.iraunkor.eus\/familias.php\">Iraunkor<\/a>\u201d edo \u201c<a href=\"https:\/\/azoka.bbk.eus\/\">BBK Azoka<\/a>\u201d. Produktua kontsumitzailearengana hurbiltzearen aldekoa da, kate handien mende egon gabe. Beretzat, merkatuek balio ordezkaezina dute, ez bakarrik merkataritzakoa, baita gizatiarra eta komunitarioa ere.<\/p>\n\n\n\n<p>Aurreko emakumeek utzitako ondarea ere aitortzen du, bereziki amonarena, bere ondoan ia konturatu barik ikasi baitzuen nola erein, nola tratatu animaliak, nola eraman baserria txukun eta maitasunez. Gaur egun, jakintza hori bere baitan darama.<\/p>\n\n\n\n<p>Bere alabak oraindik ez dira landa-bizitzaren xarmaz jabetzen, baina Lorenak ziur daki noizbait baloratuko dutela bizitakoa. Askatasuna, naturarekiko lotura, erantzukizuna\u2026 horrek guztiak arrastoa uzten du.<\/p>\n\n\n\n<p>Azkenik, politika publikoekiko kritika egiten du: sentitzen du urrutitik eginda daudela, baserriaren errealitatea ulertzen ez duen jendeak eginda. Burokrazia gero eta handiagoa da eta benetako laguntza gero eta txikiagoa. Landa eremuan ekiteak, dio, beldurra ematen du. Eta are gehiago emakume bazara, horrek dakarren zama mental eta familiarrarekin. Hala ere, etorkizuna badagoela uste du, batez ere eredu jasangarri, txiki eta gizatiarren aldeko apustua egiten bada.<\/p>\n<\/div>\n\n\n\n<!--nextpage-->\n\n\n\n<figure class=\"wp-block-image size-large\"><img loading=\"lazy\" decoding=\"async\" width=\"1024\" height=\"535\" src=\"https:\/\/feed4justice.ces.uc.pt\/wp-content\/uploads\/2025\/04\/Maritxu-1024x535.jpg\" alt=\"\" class=\"wp-image-1816\" srcset=\"https:\/\/feed4justice.ces.uc.pt\/wp-content\/uploads\/2025\/04\/Maritxu-1024x535.jpg 1024w, https:\/\/feed4justice.ces.uc.pt\/wp-content\/uploads\/2025\/04\/Maritxu-300x157.jpg 300w, https:\/\/feed4justice.ces.uc.pt\/wp-content\/uploads\/2025\/04\/Maritxu-768x402.jpg 768w, https:\/\/feed4justice.ces.uc.pt\/wp-content\/uploads\/2025\/04\/Maritxu-1536x803.jpg 1536w, https:\/\/feed4justice.ces.uc.pt\/wp-content\/uploads\/2025\/04\/Maritxu.jpg 1920w\" sizes=\"auto, (max-width: 1024px) 100vw, 1024px\" \/><\/figure>\n\n\n\n<div class=\"wp-block-group alignwide is-vertical is-layout-flex wp-container-core-group-is-layout-fe9cc265 wp-block-group-is-layout-flex\">\n<p><strong><mark style=\"background-color:rgba(0, 0, 0, 0);color:#ffffff\" class=\"has-inline-color\"><strong><strong><strong><strong><strong><strong>Maritxu Telleria, barazkigile erretiratua, EHNE-Bizkaiako sindikatuaren erreferente historikoa \u2013 Bizkaia<\/strong><\/strong><\/strong><\/strong><\/strong><\/strong><\/mark><\/strong><\/p>\n\n\n\n<p>Maritxu Telleria, baratzezain erretiratua eta <a href=\"https:\/\/www.ehnebizkaia.eus\/\">EHNE-Bizkaiako<\/a> sindikatuaren figura historikoa, aitzindaria izan zen zentzu askotan. Bere bizitza errotik aldatu zen 21 urterekin ezkondu eta O\u00f1atiko lantegi batean zuen lana utzi zuenean, senarraren baserrira bizitzera joateko. Landa-munduan esperientziarik gabe, bere koinatak irakatsi zizkion baratzeko lehen urratsak. Pixkanaka, deskubritu zuen elikagai freskoak lantzearen eta Durangoko zein Arrasateko merkatuan saltzearen poza, baita Eroski bezalako salmenta-gune handietan lekua eginez ere.<\/p>\n\n\n\n<p>Gogoz eta irmotasunez, nekazaritza-jarduera zabalduz joan zen, hainbat negutegi izatera iritsiz eta baserrian bizimodu sendo bat eratuz. Bi hamarkadatan gutxienez, bera eta senarra baserritik bizi izan ziren, tokiko merkatuak produktu freskoen salgune nagusi ziren garaian. Maritxurentzat etapa bizia eta atsegina izan zen, maitasunez gogoratzen duena.<\/p>\n\n\n\n<p>Bere inplikazio soziala EHNE sindikatuko batzarretan hasi zen. Inguruko emakumeek animatuta parte hartzen hasi zen, eta laster gonbidatu zuten zuzendaritzako kide izatera. Sindikatuan kargu exekutibo bat hartu zuen lehen emakumea izan zen. Garai exijentea izan zen: nekazaritza lanarekin batera, Bilboko gaueko bileretan parte hartzen zuen, askotan gizonez betetako espazioetan emakume bakarra izanik. Denbora batez ikusezina sentitu zen, &#8220;lorontzia&#8221; bezala, harik eta ahotsa altxatu zuen arte, abeltzaintzatik haratago beste nekazaritza eremuetan ari zirenak ere entzunak izan zitezen eskatzeko.<\/p>\n\n\n\n<p>Berarentzat, sindikatua bere unibertsitatea izan zen. Gaztetan jaso ezin izan zuen bizitza- eta politika-formazioa eskaini zion. Borroka garrantzitsuetan parte hartu zuen, hala nola ekoizpen kuotetan, esnearen prezioan eta baserriko emakumeen eskubideen aldekoetan. Salatzen du emakumeek historikoki nekazaritza lanari itzaletik eutsi diotela, aitorpenik eta eskubiderik gabe. Emakume askok ezin izan zuten modu aktiboan parte hartu eta inplikatu, lurra lantzeaz gain etxeko lanak, seme-alaben zaintza eta adinekoen ardura baitzuten. Maritxuk bere amaginarrebaren eta izeba baten laguntzari esker lortu zuen sindikatuan parte hartzea, haiek eman baitzioten aukera baserritik tarteka alde egin eta borrokan aritzeko.<\/p>\n\n\n\n<p>Emakumeek nekazaritzan izan duten funtsezko rola azpimarratzen du, nahiz eta haien lana sarritan ikusezina izan den. Gogora dakartza ustiategiak emakumeen izenean jartzeko zailtasunak, Gizarte Segurantzan kotizatzeko arazoak, eta gaur egun oraindik ere irauten duten oztopo sozialak eta administratiboak.<\/p>\n\n\n\n<p>Aurrerapenak eman diren arren, uste du egungo egoera oraindik ere zaila dela lande-eremuko emakume zein gizonentzat. Burokraziak, merkatuaren presioak eta ustiategi txikientzako laguntza faltak zaildu egiten dute baserritik bizitzea. Hala ere, atzera egiteko aukera izango balu, bide bera aukeratuko luke: baserrian bizi eta lan egin, baratze eta negutegien artean, lurrez, sustraiz eta borrokaz inguratuta.<\/p>\n<\/div>\n\n\n\n<!--nextpage-->\n\n\n\n<figure class=\"wp-block-image size-large\"><img loading=\"lazy\" decoding=\"async\" width=\"1024\" height=\"576\" src=\"https:\/\/feed4justice.ces.uc.pt\/wp-content\/uploads\/2025\/04\/Puy-1024x576.jpg\" alt=\"\" class=\"wp-image-1819\" srcset=\"https:\/\/feed4justice.ces.uc.pt\/wp-content\/uploads\/2025\/04\/Puy-1024x576.jpg 1024w, https:\/\/feed4justice.ces.uc.pt\/wp-content\/uploads\/2025\/04\/Puy-300x169.jpg 300w, https:\/\/feed4justice.ces.uc.pt\/wp-content\/uploads\/2025\/04\/Puy-768x432.jpg 768w, https:\/\/feed4justice.ces.uc.pt\/wp-content\/uploads\/2025\/04\/Puy-1536x864.jpg 1536w, https:\/\/feed4justice.ces.uc.pt\/wp-content\/uploads\/2025\/04\/Puy.jpg 1920w\" sizes=\"auto, (max-width: 1024px) 100vw, 1024px\" \/><\/figure>\n\n\n\n<div class=\"wp-block-group alignwide is-vertical is-layout-flex wp-container-core-group-is-layout-fe9cc265 wp-block-group-is-layout-flex\">\n<p><strong><mark style=\"background-color:rgba(0, 0, 0, 0);color:#ffffff\" class=\"has-inline-color\"><strong><strong><strong><strong><strong><strong><strong>Puy Arrieta, ardi-artzaina, Ipi\u00f1aburu gaztandegia, Zeanuriko Abeltzainen Elkarteko lehendakariordea \u2013 Zeanuri, Bizkaia<\/strong><\/strong><\/strong><\/strong><\/strong><\/strong><\/strong><\/mark><\/strong><\/p>\n\n\n\n<p>Puy artisau-gaztagintzan aritzen den emakumea da, eta bere familiaren jarduera guztia antolatuta dago etxetik bertatik egindako salmenta zuzenaren inguruan. Gizarte Langintzako ikasketak egin zituen eta beste sektore batzuetan lan egin zuen, baina baserriaren deia gailendu zitzaion. 24 urterekin bertan geratzea erabaki zuen, hain zuzen ere \u201cbehi eroen\u201d krisiak eta kontsumo-ohituren aldaketak kolokan jarri zutenena familia eredua, apustu eginez ardi-arraza autoktonoaren alde (latxa) eta artisau-gaztaren alde.<\/p>\n\n\n\n<p>Gaztagintza ez da soilik bere bizibidea, lurraldean errotutako bizimodua ere bada, eta bezeroekin harreman zuzenak konfiantza eta gertutasun-loturak sortu ohi ditu. Arratiako eskualdeko denda txikietan eta noizean behingo azoka batzuetan saltzen badu ere, salmenten gehiengoa etxetik egiten du, eta horrek abantailak ematen dizkion arren, mugikortasuna murrizten du eta etxeko bizimodua baldintzatzen du.<\/p>\n\n\n\n<p>Parte hartzen du <a href=\"https:\/\/www.acol.eus\/index.php?option=com_content&amp;view=featured&amp;Itemid=124&amp;lang=es\">ACOL \u2013Ardi Latxa Hazleen Elkartean<\/a>, Idiazabal Jatorri Izendapenean eta Zeanuriko Abeltzainen Elkartean, azken horretan lehendakariorde gisa. Onartzen du emakume askok berdintasun-kuoten bidez sartzen direla halako guneetan, baina azpimarratzen du ezinbestekoa dela espazio historikoki maskulinizatu horietan egotea eta haiek okupatzea.<\/p>\n\n\n\n<p>Genero-gaiak bere esperientzia osoa zeharkatzen du. Gogora dakar bere ama, nahiz eta familiako ustiategian lan egin (gainera, kotizatu egiten zuen eta ustiategiaren erdia bere izenean zegoen), ofizialki \u201cetxekoandrea\u201d gisa agertzen zela; horrek garbi adierazten du emakumeek landa-eremuan egiten zuten lanaren&nbsp; ikusezintasun estrukturala. Aurrerapenak egon diren arren, gaur egun oraindik ere badaude erresistentziak: komentario matxista esplizituetatik hasi eta auzitan jartzeraino bere burua \u201cartzain\u201d gisa aurkezten duen emakumearen legitimitatea. Berak, ordea, irmo definitzen du bere burua: \u201cEz naiz artzainaren emaztea, Ipi\u00f1aburuko artzaina naiz\u201d.<\/p>\n\n\n\n<p>Bere ikuspegitik, sektoreko emakume askoko joera dute ekoizpen-eredu txikiekin identifikatzeko, jasangarritasuna eta salmenta zuzena ardatz dituztenekin. Errentagarritasuna eta hedapena lehenesten dituen eredu kapitalista eta maskulinizatuaren aurrean, uste du ikuspegi agroekologikoak afinitate handiagoa duela emakumeekin eta bide egokia izan daitekeela sistema agroalimentarioa bere osotasunean eraldatzeko.<\/p>\n\n\n\n<p>Ekoizpen-eredu estentsibo eta hurbila defenditzen du, non emakumeek txikia dena handi den zerbait bihurtzen duten. Hala ere, salatzen du politika publikoek ez dietela beti laguntzen bera bezalakoei, behe-behetik lan egiten dutenei. Burokrazia, arauak eta tratamendu orokortu horiek ekoizle txikiak ito egiten dituztela dio, eta handiek, aldiz, erraztasun gehiago dituztela; horregatik, sentiberatasun instituzional handiagoa eskatzen du eskala txikian artisau ikuspegitik eta hurbiltasunetik lan egiten dutenekiko.<\/p>\n\n\n\n<p>Belaunaldi arteko transmisioaren gaia ere funtsezko gai gisa agertzen da. Jakitun da abeltzain bizimodua zorrotza eta bokazionala dela, eta ez du zertan espero seme-alabek jarduera horrekin jarraituko dutenik, baina saiatzen da berdintasunean eta landa-lanaren balioan hezten. Bai alabak bai semeak ezagutzen dute baserria eta parte hartzen dute eguneroko lanetan, baina bakoitzak bere bidea egingo du.<\/p>\n\n\n\n<p>Gaur egun, generoaren aldarrikapenean ez ezik, arreta jartzen du lehen sektorearen defentsan baita bestelako ikuspegietatik ere: bizitzeko modu gisa, lurraldea kudeatzeko bide gisa eta komunitatea sortzeko modu gisa. Nortasun- eta harrotasun-zentzu handia transmititzen du, eta bere familiako emakumeengan jakintza-iturri etengabea, indarra eta kemena ikusten ditu. Uste du oraindik asko dagoela egiteko lehen sektorearen lana ikusarazteko eta balioztatzeko, eta beharrezkoa dela borrokan jarraitzea, egunerokotasunetik eta kolektibotasunetik.<\/p>\n<\/div>\n\n\n\n<!--nextpage-->\n\n\n\n<figure class=\"wp-block-image size-large\"><img loading=\"lazy\" decoding=\"async\" width=\"1024\" height=\"550\" src=\"https:\/\/feed4justice.ces.uc.pt\/wp-content\/uploads\/2025\/04\/Rosa-1024x550.jpg\" alt=\"\" class=\"wp-image-1829\" srcset=\"https:\/\/feed4justice.ces.uc.pt\/wp-content\/uploads\/2025\/04\/Rosa-1024x550.jpg 1024w, https:\/\/feed4justice.ces.uc.pt\/wp-content\/uploads\/2025\/04\/Rosa-300x161.jpg 300w, https:\/\/feed4justice.ces.uc.pt\/wp-content\/uploads\/2025\/04\/Rosa-768x412.jpg 768w, https:\/\/feed4justice.ces.uc.pt\/wp-content\/uploads\/2025\/04\/Rosa-1536x825.jpg 1536w, https:\/\/feed4justice.ces.uc.pt\/wp-content\/uploads\/2025\/04\/Rosa.jpg 1810w\" sizes=\"auto, (max-width: 1024px) 100vw, 1024px\" \/><\/figure>\n\n\n\n<div class=\"wp-block-group alignwide is-vertical is-layout-flex wp-container-core-group-is-layout-fe9cc265 wp-block-group-is-layout-flex\">\n<p><strong><mark style=\"background-color:rgba(0, 0, 0, 0);color:#ffffff\" class=\"has-inline-color\"><strong><strong><strong><strong><strong><strong><strong><strong>Rosa&nbsp;Elgezabal, baratzezaina eta abeltzaina, tabernaria, bere produktuen saltzaile zuzena eta produktu-eraldatzailea \u2013 Arrieta, Bizkaia<\/strong><\/strong><\/strong><\/strong><\/strong><\/strong><\/strong><\/strong><\/mark><\/strong><\/p>\n\n\n\n<p>Arrietan jaio zenetik, Rosa estuki lotuta egon da landa-munduarekin, baserri tradizional batean bizi eta lan eginez. Txikitatik ikasi zuen ahaleginaren eta autosufizientziaren balioa. 14 urte zituela, aitaren heriotzak baserriaren ardura hartzera eraman zuen amarekin batera.&nbsp;&nbsp;&nbsp;<\/p>\n\n\n\n<p>Bizitzan zehar, Rosa lan askotan aritu da: nekazaria eta abeltzaina, tabernaria, tokiko merkatuetan saltzailea eta produktuen eraldatzailea. Azoketan lan egin du, barazkiak landu, txerriak hazi, hestebeteak prestatu, eta hori guztia bizirik mantenduz lurrarekin zuen lotura. Herriko taberna kudeatu zuen garaian ere, baserriarekin zuen harremanak jarraitu zuen bere bizitzaren ardatz izaten.<\/p>\n\n\n\n<p>Denborarekin, bere senarraren baserrira joan ziren bizitzera, eta han jarraitu zuten nekazaritza eta abeltzaintza jarduerekin. Ia 30 urtez txerri-hazkuntzan eta salmentan aritu zen, prozesu osoan parte hartuz. Lan gogorra egin arren, askotan bakarrik, Rosa beti sentitu zen asebeteta eta harro bere jarduera ekonomikoaren titular izateaz.<\/p>\n\n\n\n<p>Rosak garbi hausnartzen du gizarte-aldaketen inguruan, bereziki emakumeen rolari buruz. Garai batean emakumeek etxean zein baserrian etenik gabe lan egiten zuten bitartean, gizonek atseden hartzeko aukera gehiago zuten. Aldi berean, bere lekua irabazteko borrokatu zen belaunaldi baten parte izan zen. Irmo azaltzen da kontatzen duenean merkatuetan eta berdinen artean bere burua errespetatzen nola ikasi zuen, azpimarratuz nortasuna erakustearen garrantzia.<\/p>\n\n\n\n<p>Gaur egun, erretiroaren atarian eta 38 urte kotizatuta, Rosak lortutako aurrerapenak baloratzen ditu. Onartzen du, hasieratik berriro hasi beharko balu, agian taldean egingo lukeela, ikuspegi kolaboratzaileago batekin eta familia-jabetzan gutxiago oinarrituta. Sendo sinesten du komunitate-lanean, alternatiba jasangarri gisa, eta baita bizitza pertsonalaren eta lan-bizitzaren arteko oreka bilatzeko modu gisa.<\/p>\n\n\n\n<p>Alabak ustiategiarekin jarraituko ez duen arren, Rosak bizirik mantentzen du nekazari bokazioz norbaitek lekukoa hartuko duen itxaropena. Berarentzat, landa-munduaren esentziak bizirik dirau aitzurra bezalako tresnetan, belaunaldi askoren lan etengabeko eta isilaren sinboloa.<\/p>\n\n\n\n<p>Lasaitasunez eta harrotasunez, bere lan-bizitzari agur esaten dio Rosak, jakinda bere ibilbidea baserritik bizi diren pertsonen duintasunaren eta ahaleginaren isla izan dela. Eta bere argazki zuri-beltzak alboan dakarren esaldiak dioen bezala: <em>\u201cEzina ekinez egina\u201d<\/em>.<\/p>\n<\/div>\n\n\n\n<!--nextpage-->\n\n\n\n<figure class=\"wp-block-image size-full\"><img decoding=\"async\" src=\"https:\/\/feed4justice.ces.uc.pt\/wp-content\/uploads\/2025\/01\/Natalia-1.jpg\" alt=\"\" class=\"wp-image-1071\"\/><\/figure>\n\n\n\n<div class=\"wp-block-group alignwide is-vertical is-layout-flex wp-container-core-group-is-layout-fe9cc265 wp-block-group-is-layout-flex\">\n<p><strong><mark style=\"background-color:rgba(0, 0, 0, 0);color:#ffffff\" class=\"has-inline-color\">Natalia Varela Cada\u00eda, Esp\u00edrito da Colmea proiektuko erlezaina \u2013 Laxe, Palas de Rei, Lugo<\/mark><\/strong><\/p>\n\n\n\n<p>Natalia errotari familia batean hazi zen, eta ia kasualitatez heldu zen erlezaintzara. 2013an Galiziara itzuli ondoren, bere familiaren errota zaharra berritu zuen eta basa-erleen erlauntzak aurkitu zituen hormetan. Aurretik esperientziarik gabe, bi erlauntzarekin hastea erabaki zuen, bere intuizio eta jakin-minak gidatuta. Horrela hasi zuen abentura bere ustez itxia eta gizonen agindupekoa den munduan, eta hori ikaskuntza oso zaila bihurtu zuen.<\/p>\n\n\n\n<p>Denborarekin, Natalia prestatu egin zen ikastaroen bidez eta tokiko erlezainen laguntza noizean behin jasoz. 2023an urrats garrantzitsu bat eman eta bere jarduera profesionalizatu zuen. Berarentzat, erleek lan bat baino askoz gehiago adierazten dute: \u00abProiektuaren esentzia eta muina da kontzientziatzea guztiok bat garela eta erleak bere ingurunearekin estuki lotuta daudela. Erlerik gabe ezin dugu janaririk izan, gaur egun jaten ditugun elikagaiaren %77 inguru polinizatzen baitituzte. Desagertzen baldin badira euren habitatak babesten ez direlako eta suntsitzen direlako, geure kontra ari gara lanean\u00bb, dio.<\/p>\n\n\n\n<p>Nataliak baloratzen du erleen eta ekosistemaren arteko harremana, eta azpimarratzen du klima aldaketak aldatzen diharduela ziklo naturalak eta erleen portaeran eragiten. Iraganean, aldi berean loratzen ziren gaztainondoak, gereziondoak eta sastrakak, baina gaur egun, dio, ezin da ezer aurreikusi.<\/p>\n\n\n\n<p>Garrantzitsua izanik ere, erlezaintzak Galizian aurre egin behar dio bai aitortza instituzional faltari nola lurraldearentzat eta gizartearentzat duen garrantziaren ezjakintasun itzelari. Bere ustez, politikek sektore errentagarriagoetara sartzea bilatzen dute, hala nola, txerri eta oilasko hazkuntzara, eta erlezaintza errentagarritasunik gabeko jarduera utopiko eta erromantiko gisa ikusten dela. \u201cEnpresa handiei lehentasuna ematen zaie, lanpostuak epe-laburrean agintzen dituztenak, baina tokiko ehuna desegonkortzen dutenak. 30 urte igaro ondoren, lur suntsitua besterik ez dute utziko\u201d, ohartarazten du.<\/p>\n\n\n\n<p>Multinazional handien proiektuek (zelulosa, eukaliptizazioa, etab.) duten inpaktuaren gaineko kezka garbi ageri da Galiziako paisaiaz egiten duen azterketan: desagertzen ari dira abeltzaintza estentsiboa bezalako jarduera tradizionalak, belardiak eta basoak mantentzen dituztenak, despopulazioagatik eta jarduera produktibo eta ingurumenarekiko errespetuzko zerbitzuekin bateragarriak ez direnak enpresa handien iritsieragatik. Bere iritziz, proiektu horiek landa-ingurunea abandonatzea dakarte, &#8220;sakrifizio lurralde&#8221; bihurtzen dute, Latinoamerikan mendeetan zehar gertatu zen bezala.<\/p>\n\n\n\n<p>Erle sektorea oso gizonezkoen mundua da, dio Nataliak. \u201cErlezaintza proiektu bat bakarrik eramaten duen emakume bakarra naiz\u201d, beste emakume erlezainak familia ingurune batean murgilduta daude eta horrek ikusgarritasun gutxiago ematen die. Asiako liztortzarra bezalako gai garrantzitsuak jorratzen diren eztabaidetan, emakumeak gutxiengoan daude eta jarrera paternalistak pairatzen dituzte: \u201cSarritan gutxietsi egiten naute edo galdetzen didate ea benetan bakarrik lan egiten dudan, eta jarrera horiek ez lituzkete gizonekin izango\u201d. Indibidualismoa eta erlezainen arteko lankidetzarik eza salatzen ditu, nahiz eta, hainbeste elkarte egonik, elkarlana badagoela pentsa litekeen.<\/p>\n\n\n\n<p>\u201cEzagutza partekatzen ditudanean, dela irakurri dudan ikerketa bat edo probatzeko metodo bat, sarritan gutxiesten dituzte nire esku hartzeak eta iruzkinak. Nire esperientzia ikusezina bihurtzen da. Maila pertsonalean, denborarekin nire izaera ikasi eta egokitu behar izan dut, moduak leunduz eta hizkuntza neurtuz gizonezkoek agintzen duten ingurunera egokitzeko. Portaera jakin batzuk ikasi behar izan ditut serio har nazaten, baina nekagarria da. Orain jarrera horiek desikasten saiatzen ari naiz eta beste modu batera lan egiten\u201d, azaltzen du.<\/p>\n\n\n\n<p>Desafioak desafio, Nataliak adierazten du emakumeek gidatzen dituztela landa-ekimen berriak eta paradigma ekonomikoak aldatzen ari direla. Ekimen horiek emakume ekoizleen artean elkartasuna eta komunikazioa sustatzen dute, gizonezko ekoizleen artean lehia eta isolamendua bainoago.<\/p>\n\n\n\n<p>Nataliak defendatzen du kooperatibek landa-garapenaren erdigunean egon behar dutela eta lan egiten du emakumeen artean laguntza sareak sortzeko. \u201cNorbere egitasmo indibidualekin gainezka egon arren, elkarrekin zerbait eraikitzen ari gara, eta horrek itxaropena ematen dit\u201d, amaitzen du.<\/p>\n<\/div>\n\n\n\n<!--nextpage-->\n\n\n\n<figure class=\"wp-block-image size-full\"><img decoding=\"async\" src=\"https:\/\/feed4justice.ces.uc.pt\/wp-content\/uploads\/2025\/01\/Raquel-2.jpg\" alt=\"\" class=\"wp-image-1092\"\/><\/figure>\n\n\n\n<div class=\"wp-block-group alignwide is-vertical is-layout-flex wp-container-core-group-is-layout-fe9cc265 wp-block-group-is-layout-flex\">\n<p><strong><mark style=\"background-color:rgba(0, 0, 0, 0);color:#ffffff\" class=\"has-inline-color\">Raquel Garc\u00eda Rodr\u00edguez, nekazaria <a href=\"http:\/\/marcabiosfera.marinasbetanzos.gal\/es\/labrecos\/\">Labrecos<\/a> kooperatiban \u2013 Dorda\u00f1o, Oza-Cesuras, A Coru\u00f1a<\/mark><\/strong><\/p>\n\n\n\n<p>Raquel Labrecosen parte da, A Coru\u00f1a probintziako Oza-Cesuras udalerrian kokatutako lan kooperatiba bat, uztartzen dituena nekazaritza ekologikoa (baratzea berotegiarekin eta gabe) eta abeltzaintza ekologikoa, ikuspegi birsortzaile eta zirkularretik. Familia kooperatiba bat da, eta bere bikotekidearekin eta koinatuarekin lan egiten du, amaginarrebaren laguntzarekin. Ikuspegi komuna partekatzen dute: lurra birsortzea eta kalitatezko elikagaiak ekoiztea kanpoko ekoizpen bideekiko menpekotasunik gabe.<\/p>\n\n\n\n<p>Hasieran baratzearekin hasi ziren soilik, baina animaliak sartu zituzten ez bakarrik haragi produktuen salmenta osatzeko, baita baratzeko lurra modu organikoan ongarriztatzeko eta lursailen artzaintza birsortzailea egiteagatik ere. Ikuspegi horrek lurra zaintzea du erdigunean eta erakutsi nahi du errendimendu handiak lor daitezkeela praktika konbentzionaletan oinarritu gabe, dio. \u00abNekazaritza konbentzionalarekin alderatuta, azaloreek pisu bera eta azenarioek errendimendu bera izan dezakete, lurra ondo zaintzen bada\u00bb.<\/p>\n\n\n\n<p>Raquelek dio gaur egungo nekazaritza praktika askok utzi egin diotela lurra zaintzeari berehalako ekoizpenaren mesedetan, baina sinetsita dago eredu birsortzailea berdin dela eraginkorra eta jasangarriagoa dela. \u00abNekazaritza ekologikoa garestia edo errentagarritasun gutxiagokoa dela dioen mitoak ez du oinarririk\u00bb, dio, eta kritikatzen du kanpoko <em>input-<\/em>ekiko menpekotasuna, nekazaritza konbentzionalak darabiltzan produktu kimikoak eta ongarriak kasu. Bere ustez, metodo birsortzaileak aukeratzea ez da soilik ekoizpen kontua, naturarekiko eta sasoiko kontsumoarekiko errespetua ere bada.<\/p>\n\n\n\n<p>Ikuspegi berritzailea eta zirkularra izan arren, Raquelek onartzen du bidea ez dela erraza izan, burokraziak oztopoak jartzen dituelako, izan ere, badirudi eredu espezializatuak soilik hartzen direla kontuan. \u00abBaratzea, behiak eta ardiak dituzunean, badirudi zoratu egiten direla paper artean\u00bb, dio. Modelo integratuak laguntzeko malgutasunik ez dago eta horrek ustiategi txikien lana zailtzen du, hala nola Labrecosena, ingurunea zaintzen duen ekoizteko modu jasangarria bilatzen dutenak. Laguntzarik ezaz gain, Raquelek kanpoko mehatxuak salatzen ditu, hala nola zelulosa eta eoliko makropoligonoak, arriskuan jartzen dituztenak landa-ingurunea eta ingurune naturala errespetatu nahi duten berea bezalako proiektu produktiboak. \u00abLanda eremuaren defentsa da orain gure borrokarik handiena\u00bb, dio.<\/p>\n\n\n\n<p>\u00abLandareak nola hazten diren ikusteak, uzta ondo ateratzeak eta bezeroei harritzen dituzten produktuak eramateak beste lan mota batek ematen ez duen asebetetzea dakar\u00bb, azaltzen du. Proiektu hau Raquelerentzat ez da soilik lana, bizitzeko modu bat baizik, eguneroko bizitza aldatu duena kalitate handiago baten bila, eta haurrak barne hartu ditu (elikadura, biodibertsitatearen ezagutza, balioak, etab.). Bezeroen kontzientziazioa ere bilatzen du, sustatuz kontsumo tokikoa, kalitatezkoa eta sasoian sasoikoa.<\/p>\n\n\n\n<p>Raquel kooperatibara pixkanaka sartu zen. Lehen auto tailer baten harreran egiten zuen lan eta bere bikotekidea eta lehengusua ziren ekologikoki ekoizten zutenak. Zera kontatzen du: \u00ab2012an, lehen semea izan nuenean, edoskitzeko baimena eskatu nuen, baina enpresak esan zidan ez zela posible 15 egunak hartzea. Bularra ematen ari zarenean haurren premien arabera, eguneko ordubete libreak ez du ezer balio. Azkenean lanean jarraitu nuen, baina bigarren alaba izan ondoren erabaki nuen ez nuela bizitza hori nahi. Ez nuen bizitza bat nahi non haurrak ikusten ez nituen eta besteek zaintzen zituzten, 8:30etan irteten nintzelako etxetik, bazkaltzera etortzen nintzen eguerdian, haurrak siestan zeudela, eta bueltatzen nintzen gaueko 20:00etan edo beranduago batzarrik bazegoen\u00bb.<\/p>\n\n\n\n<p>Atzera begira, Raquelek dio berak ez zuela inoiz irudikatu nekazaritza izango zuela bide. \u00abEtxean beti izan dira behiak, baina nekazaritzarekin nire harremana minimoa izan zen, beti saiatu naiz urrun egoten. Leku askotan uste da ikasketak egiten badituzu eta kanpoan lana bilatzen baduzu, bazarala norbait. Landan geratuz gero, bazirudien ez zarela inor, ez zenuela kategoriarik. Esaten zizuten \u2018joan, neska, joan, landa eremuak ez du etorkizunik\u2019. Baina uste dut landa eremuak etorkizun handia duela eta gustatuko litzaidake bizi proiektu gisa nire seme-alabek baloratzea, eta nahi izanez gero, berorrekin jarraitzea\u00bb.<\/p>\n<\/div>\n\n\n\n<!--nextpage-->\n\n\n\n<figure class=\"wp-block-image size-large\"><img loading=\"lazy\" decoding=\"async\" width=\"1024\" height=\"890\" src=\"https:\/\/feed4justice.ces.uc.pt\/wp-content\/uploads\/2025\/01\/Maria-Jose-1024x890.jpg\" alt=\"\" class=\"wp-image-1111\" srcset=\"https:\/\/feed4justice.ces.uc.pt\/wp-content\/uploads\/2025\/01\/Maria-Jose-1024x890.jpg 1024w, https:\/\/feed4justice.ces.uc.pt\/wp-content\/uploads\/2025\/01\/Maria-Jose-300x261.jpg 300w, https:\/\/feed4justice.ces.uc.pt\/wp-content\/uploads\/2025\/01\/Maria-Jose-768x667.jpg 768w, https:\/\/feed4justice.ces.uc.pt\/wp-content\/uploads\/2025\/01\/Maria-Jose.jpg 1085w\" sizes=\"auto, (max-width: 1024px) 100vw, 1024px\" \/><\/figure>\n\n\n\n<div class=\"wp-block-group alignwide is-vertical is-layout-flex wp-container-core-group-is-layout-fe9cc265 wp-block-group-is-layout-flex\">\n<p><mark style=\"background-color:rgba(0, 0, 0, 0)\" class=\"has-inline-color has-contrast-color\"><strong><strong>Mar\u00eda Jos\u00e9 Tallon, nekazaria eta Trasdeza Natur elaborazio-tailerra \u2013 Cardigonde, Cortegada, Silleda, Pontevedra<\/strong><\/strong>&nbsp;<\/mark><\/p>\n\n\n\n<p>Mar\u00eda Jos\u00e9 nekazaritza ekologikoan aritzen da eta gune bat dauka \u201cbaratzeko produktuak prozesatzeko, frutak nola barazkiak\u201d, <a href=\"https:\/\/www.trasdezanatur.com\/\">Trasdeza Natur<\/a> izeneko enpresan. Txikitan bere familiak autokontsumorako baratzea bazuen ere, landa eremuarekin duen lotura etorri zen ikasketak burutu ostean eta bulegoko lanean hainbat urte egin ondoren. Nekazaritzara bideratzearen erabakia hartu zuen lan aukera baten bila zebilelako eta bere kabuz lan egiteko aukera nahi zuelako, lanik gabe geratu ostean. Prestakuntza jasotzea erabaki zuen eta nekazaritza ekologikoari buruzko hainbat ikastaro egin zituen. \u201cAldaketa erradikala izan zen, bulego barruan egotetik aire librean lan egitera, eguzkitan, lurrarekin harremanetan. Erabat desberdina da eta, aldi berean, oso aberasgarria\u201d, dio.<\/p>\n\n\n\n<p>Bere enpresan fruta deshidratatzea da bere jarduera nagusia, eguzki-energiaz eta energia berriztagarriz hornitutako lehorgailuekin egiten duen prozesu baten bidez. Berrikuntza eta jasangarritasuna dira bere proiektuaren oinarriak, eta Santiagoko Unibertsitatearekin lankidetza hitzarmen bat du eguzki-lehorgailuak garatzeko. \u201cEguzkia da gure energia iturria, eta eguzkirik ez dagoenean, energia fotovoltaikoa erabiltzen dugu. Prozesu honekin produktuak kontserbatzen ditugu gehigarririk, kontserbatzailerik edo azukrerik gabe. Fruta naturala da, besterik ez\u201d, azaltzen du.<br>Fruta lehortzearen ideia bere semeetako batek fruta freskoa jan nahi ez zuelako sortu zen. Mar\u00eda Jos\u00e9 deshidratazio-prozesuari buruz ikertzen hasi zen eta arlo horretako ikastaroa egin zuen. \u201cHasieran etxean aparatu elektriko txiki batekin egiten nuen. Gominola baten antzekoa zen, fruktosa kontzentratuta geratzen baitzen, eta gustatzen hasi zitzaion\u201d, dio irribarrez. Denborarekin, baratzeko produktuetara ere zabaldu zuen, produktu natural baten luzapen gisa ikusi baitzuen, eta horrela hasi zen eskaintzen produktu %100 naturala, kontserbatzailerik eta azukre gehigarririk gabekoa.<\/p>\n\n\n\n<p>Fruta lehortua ekoizteko egitasmoa arrakastatsua izan arren, Mar\u00eda Jos\u00e9k hainbat erronka aipatzen ditu. Administrazio mailan proiektu txikiek askoz gehiago borrokatu behar dutela dio, ikusgarriak izateko eta laguntzak edo dirulaguntzak jasotzeko, egungo politikek proiektu handiagoak lehenesten baitituzte, eta horrek zaildu egiten du landa-inguruneko autoenplegu ekimenak garatzea: \u201cProiektu agroindustrial handiak eta azpiegitura erraldoiak dira laguntza gehien jasotzen dituztenak, eta txikiek zailtasun gehiago dituzte ikusgarritasuna lortzeko. Oso zaila da nekazaritza jarduera bati ekitea ustiategi bat heredatu ez baduzu, eta proiektu txikiak dira landa eremua mantentzen dutenak, babestu eta baloratu behar liratekeenak\u201d, komentatzen du.<\/p>\n\n\n\n<p>Beste erronka handi bat landa-eremuko genero-diskriminazioa izan da Mar\u00eda Jos\u00e9rentzat. Onartzen duen arrean gero eta emakume gehiago daudela proiektu agroalimentarioak gidatzen, askotan emakumeek aitortuak izateko lan gehiago egin behar dutela dio. \u201cGizonak beti daude begi puntuan, \u2018gizon onak\u2019, eta guk emakume izateagatik gehiago borrokatu behar dugu. Nabari da. Baina emakumeek lider izateko gaitasuna dute, horrek emantzipatzeko bide bat ematen die, eta gizon batek bezala gidatu dezakete. Beti irekitzen dira ateak, nahiz gehiago bilatu behar izan emakume izateagatik\u201d, dio.<\/p>\n\n\n\n<p>Bere ustez, nekazaritzaren etorkizuna jasangarritasunean eta ekoizpen ekologikoan oinarritzen da. \u201cIngurumena zaintzea funtsezkoa da; lur jabe gisa duzun erantzukizuna ikusi behar da lurraren zaintzan; hau da, kapitala ez da lurraren gainetik egon behar, lurra da zaindu behar dena\u201d, dio. Mar\u00eda Jos\u00e9k argi dauka nekazaritza ekologikoaren eredua izan behar dela nagusi, eredu horrek eskaintzen baititu elikagai osasuntsuak, produktu kimikorik eta pestizidarik gabe. Bere ustez, produktu ekologikoak kontsumitzea aukera osasuntsu eta naturala da, fruta lehortuak bere propietate nutrizional guztiak gordetzen baititu, produktu artifizialek ezer aldatu gabe. \u201cFruta lehortua eta ekologikoa produktu oso osasuntsua da, mineral eta bitamina guztiak gordetzen dituena, produktu prozesatuentzako alternatiba bat. Naturala da, osasuna eskaintzen dut\u201d, amaitzen du.<\/p>\n<\/div>\n\n\n\n<!--nextpage-->\n\n\n\n<figure class=\"wp-block-image size-full\"><img decoding=\"async\" src=\"https:\/\/feed4justice.ces.uc.pt\/wp-content\/uploads\/2025\/01\/Iolanda-1.jpg\" alt=\"\" class=\"wp-image-1115\"\/><\/figure>\n\n\n\n<div class=\"wp-block-group alignwide is-vertical is-layout-flex wp-container-core-group-is-layout-fe9cc265 wp-block-group-is-layout-flex\">\n<p><strong><mark style=\"background-color:rgba(0, 0, 0, 0)\" class=\"has-inline-color has-contrast-color\"><strong>Iolanda Otero, Mano Comun de Tameigako (Mos, Pontevedra) Auzo-mendien Komunitateko kidea<\/strong><\/mark><\/strong><\/p>\n\n\n\n<p class=\"has-text-align-left\">Iolanda Mano Comun de Tameigako Auzo-mendien Komunitateko zuzendaritza-batzordeko kide da, \u201cgure auzokideek erabiltzeko eta gozatzeko dugun baso-parkea\u201d. Erabaki zuen batzordera batzea enpresa pribatu baten mehatxuari aurre giteko, \u201cgure basoa bereganatu nahi du, desjabetu, merkataritza-zentro erraldoi bat eta futbol-zelaiak eraikitzeko asmoz\u201d. Gatazka hori baino lehen, bazkide komuneroa zen, baina ez zuen parte hartzen aktiboki; basoa galtzeko aukera ikusteak eraman zuen Xunta Reitoran sartzera. Erabaki horretan espazio horrekiko zuen lotura afektiboak pisu handia izan zuen, baina baita ingurumen-proiektu batzuk martxan jartzeko gogoak ere \u2014proiektu horiek etenda zeuden gatazkak denbora eta baliabide ekonomiko guztiak xurgatzen zituelako.<\/p>\n\n\n\n<p>\u201cBasogintza komunitarioak historia luzea du\u201d, dio Iolandak, baina \u201chistorikoki oso patriarkala izan da\u201d. Gogoratzen du gizonak zirela \u2014familia buru gisa\u2014 erabakiak hartzen zituztenak eta kudeaketa-kargu garrantzzitusak betetzen zituztenak, haiek baitziren ofizialki komuneroak. Bitartean, emakumeek baserriko lana egiten zuten, \u201clanda-eremua, basoa eta lurra zaintzen zituzten\u201d, baina ez zuten erabakietan parte hartzen, ez eta batzarretan ere.<\/p>\n\n\n\n<p>Emakumeen parte-hartzea mugatua izan da egitura sozialek familia-ardurak lehenesten dituztelako emakumeen komunitate-bizitzaren gainetik. \u201cBatzarrak igande goizetan egiten ziren, emakumeak familiarentzako bazkaria prestatzen ari zirenean\u201d, azaldu du, azpimarratuz sistema horrek emakumeen bazterketa nola betikotzen zuen. Azken urteetan, ordea, parte-hartze hori asko hazi da, %33-34 ingurura iritsiz, eta zuzendaritzan bi emakume daude (Idazkaria eta Diruzaina \u2014bera). Eta dio aldaketa horrek kontzientzia-lan handia eskatu duela.<\/p>\n\n\n\n<p>Errektore kontseiluan sartu zenetik, Iolandak borrokan jardun du emakumeen parte hartzea sustatzeko komunitateko erabaki nagusietan. \u201cEmakume gehiago behar ditugu kontseiluetan eta batzarretan; haien parte-hartzea funtsezkoa da\u201d, dio, parekidetasunaren garrantzia azpimarratuz. &nbsp;<\/p>\n\n\n\n<p>Aurrerapenak egon arren, emakumeek egiturazko oztopoak dituzte parte-hartzean. Zaintza-lanen banaketa ez-ekitatiboak emakumeen denbora mugatzen du. Iolandaren arabera, \u201cbilerak egin ohi dira emakume asko baztertzen dituen orduetan, eta gu geu oraindik etxeko arduren zama eramaten ari gara\u201d. Egoera honek desparekotasuna betikotzen du, baita inklusiboak izateko asmoa duten espazioetan ere.<\/p>\n\n\n\n<p>Emakumeen lana ikusgarri egitea ere ez da erraza, komunitateen barruko botere-harremanen ondorioz. \u201cEmakumearen hitzak ez du gizonarenak duen balio bera\u201d, dio Iolandak. Emakumeen iritziek, entzunak izateko, egiaztapen akademiko edo kargu batek babestuta egon behar dute. Desabantaila horrek ez dio soilik haien erabaki-ahalmenari kalte egiten, baita lidergo-funtzioetan parte hartzeko motibazioari ere.<\/p>\n\n\n\n<p>Erronka horiek hor egon arren, Iolandak ezinbestekotzat jotzen du mugimendu sozialetan parte hartzea. Haren ustez, \u201cmobilizazioetan, gehiengoa emakumeak dira; gehien mobilizatzen eta borroketan parte hartzen dutenak emakumeak dira\u201d, eta horrek lotura du bai inguruko emakumeen mobilizazio-tradizioarekin, bai haiek izan direlako mendiaz eta lur-lanez arduratzen zirenak \u2014nahiz eta erabakitzeko espazioak gizonen esku egon.<\/p>\n\n\n\n<p>\u201cNekagarria da, baina komunitatea batuta ikusteak ahalegin guztiak merezi izatea eragiten du; egindako sakrifizioak konpentsatzen ditu\u201d, hausnartzen du.<\/p>\n\n\n\n<p>Iolandaren ustez, \u201caplikatzen ari diren politikak urruti daude gertuko merkataritza, merkataritza bidezkoa eta autosostengarritasuna sustatzetik. Hirietara bultzatzen gaituzte. Landa-eremua paperean baino ez da sustatzen, ez praktikan\u201d. \u201cNik uste dut ingurumenarekiko errespetutsuagoak diren politikak behar direla, jendeak bere ingurune naturalean bizi ahal izateko, benetako babesarekin, dena suntsitzen duten makroproiekturik gabe\u201d. Eta amaitzeko dio: \u201cGehien gustatuko litzaidakeena da emakume gehiago sartzea mendi-komunitateetan, emakume gehiago presidente izatea, emakumeen presentzia askoz ere handiagoa izatea.\u201d<\/p>\n<\/div>\n\n\n\n<!--nextpage-->\n\n\n\n<figure class=\"wp-block-image size-large\"><img loading=\"lazy\" decoding=\"async\" width=\"1024\" height=\"812\" src=\"https:\/\/feed4justice.ces.uc.pt\/wp-content\/uploads\/2025\/01\/Concha-1024x812.jpg\" alt=\"\" class=\"wp-image-1116\" srcset=\"https:\/\/feed4justice.ces.uc.pt\/wp-content\/uploads\/2025\/01\/Concha-1024x812.jpg 1024w, https:\/\/feed4justice.ces.uc.pt\/wp-content\/uploads\/2025\/01\/Concha-300x238.jpg 300w, https:\/\/feed4justice.ces.uc.pt\/wp-content\/uploads\/2025\/01\/Concha-768x609.jpg 768w, https:\/\/feed4justice.ces.uc.pt\/wp-content\/uploads\/2025\/01\/Concha.jpg 1189w\" sizes=\"auto, (max-width: 1024px) 100vw, 1024px\" \/><\/figure>\n\n\n\n<div class=\"wp-block-group alignwide is-vertical is-layout-flex wp-container-core-group-is-layout-fe9cc265 wp-block-group-is-layout-flex\">\n<p><strong><mark style=\"background-color:rgba(0, 0, 0, 0)\" class=\"has-inline-color has-contrast-color\"><strong>Concha Blanco, abeltzaina eta nekazaria Casa B\u00e9rtolo-n \u2013 Castro, Carballedo, Lugo<\/strong><\/mark><\/strong><\/p>\n\n\n\n<p>Concha nekazaritzaren eremuan &#8220;etenik gabeko lanbide asmatua&#8221; duen emakume gisa identifikatzen da. Bere lan nagusia animaliak zaintzea dela dio, gaur egun &#8220;abeltzaina&#8221; esaten zaiona. Hala ere, ondo ulertzen du nekazaritza eta abeltzaintza bereizi ezinak direla: &#8220;Behiak belardien mende daude, eta belardiek behien beharra dute mantentzeko&#8221;, dio, zirkulu bat osatuz lurrak eta animaliek, eta baita bideak ere, \u201cgaltzen direnak ibiltzen ez badira\u201d. 100 behi eta 100 hektarea lur ditu, eta horietatik gaztak ekoizten ditu.<\/p>\n\n\n\n<p>Concharentzat, bere lurra bizirauteko bide bat baino zerbait gehiago da; bertatik kanporatzen saiatu ziren, bere belaunaldi osoa bezala, eta urrutira bidali zuten formatua izateko, itzul ez zedin. Baina itzuli egin zen, jabetuta bere jatorriko lekuan baliabide eta aukerarik ez zegoela, beste leku batzuetan ekitaldi eta eskaintza kultural gehiegizkoa zegoen bitartean. Conchak irmoki sinesten du enpresa-ekimenak sortzea funtsezkoa dela beharrak asetzeko beharrok sortzen diren toki hartantxe, ez sortu behar diren lekuetan. Ikuspegi hori ez da soilik praktikoa, lotura estua du zaintzarekin eta emakumeen zereginarekin, bere esperientziatik defendatzen eta aldi berean kritikatzen dituen kontzeptuak.<\/p>\n\n\n\n<p>Baztertzen du landa eremuko ikuspegia eta ekoizpen ekologikoa &#8220;kobazuloetara itzultzea&#8221; dela diotenen kritika, hori hainbatetan entzun badu ere. Iragana etorkizunerantz jauzi egiteko urratsa dela dio, ez geratzeko edo errepikatzeko tokia. Zailtasunak zailtasun, lurrarekin eta inguruarekin duen lotura hautsezina da, eta bere arima deskribatzen du \u201clur beltz eta potoloari itsatsita, ihintzaz betea\u201d bezala. Bere zoriontasuna bere ingurunean egotean datza, oraina besarkatzea eta hortik abiatuta etorkizuna eraikitzean.<\/p>\n\n\n\n<p>Conchak bere familia inguruko emakumeei buruz ere hausnartzen du; emakume indartsuak ziren, baina gizonek ez bezala, emakumeak arropak konpondu beharrean ziren, gizonek berriak jasotzen zituzten bitartean. Desberdintasun hori ohikoa izan arren, berarentzat inoiz ez da onargarria izan. Emakumeak landa etxearen zutabe direla dio, eta emakume bat hiltzen denean, baserri asko ixten direla, inor geratze ez dela funtsezko zereginak egiteko. Horrek erakusten du emakumeek daramaten zama, eta Conchak dioenez, zama hori ez litzateke \u201csakrifizio natural\u201d gisa idealizatu behar.<\/p>\n\n\n\n<p>Gainera, emakumeek beren burua autoesplotatzeko duten joera kritikatu du, bere komunitatean normalizatuta dagoen fenomenoa. Azpimarratzen du emakume askok ordu asko lan egiten dutela, ez bakarrik beren lan profesionala betetzeko, baita familia eta etxeko zereginengatik ere. Concharen ustez, egoera hau ez da jasangarria; belaunaldien arteko erreleboa erraztearen, inprobisazioaren eta belaunaldi berrien autonomiaren alde egiten du, etorkizuna aldaketetara egokitzeko duten gaitasunaren araberakoa baita.<\/p>\n\n\n\n<p>Azkenik, Conchak teknika eta politika mailako erabakietan ikusten duen hipokresia salatzen du, bereziki alor ekologikoan. Santiago-n egindako bilera batean, argudiatu zuen ekoizpen ekologikoa ez dela soilik elikagaiak sortzea: paisaiak kontserbatzea, lurraldeak zaintzea eta jakintza tradizionalak \u201claborategi\u201d gisa mantentzea ere bada. Hala ere, tamalez, balio horiek interes ekonomikoengatik baztertzen ari direla dio, makroabeltzaintzak, enpresa handiek eta monolaborantza masiboek bultzatuta. Bere ustez, funtsezkoa da landan bizi eta lan egiten duten pertsonak entzutea. Beharrezkoa da ahotsa ematea eguneroko errealitatetik oraina eta etorkizuna eraikitzen dituztenei eta ez itsu-itsuan onartu jakintza teknikoak emandako jarraibideak.<\/p>\n<\/div>\n\n\n\n<!--nextpage-->\n\n\n\n<figure class=\"wp-block-image size-large\"><img loading=\"lazy\" decoding=\"async\" width=\"1024\" height=\"956\" src=\"https:\/\/feed4justice.ces.uc.pt\/wp-content\/uploads\/2025\/01\/Carmen-1-1024x956.jpg\" alt=\"\" class=\"wp-image-1171\" srcset=\"https:\/\/feed4justice.ces.uc.pt\/wp-content\/uploads\/2025\/01\/Carmen-1-1024x956.jpg 1024w, https:\/\/feed4justice.ces.uc.pt\/wp-content\/uploads\/2025\/01\/Carmen-1-300x280.jpg 300w, https:\/\/feed4justice.ces.uc.pt\/wp-content\/uploads\/2025\/01\/Carmen-1-768x717.jpg 768w, https:\/\/feed4justice.ces.uc.pt\/wp-content\/uploads\/2025\/01\/Carmen-1.jpg 1031w\" sizes=\"auto, (max-width: 1024px) 100vw, 1024px\" \/><\/figure>\n\n\n\n<div class=\"wp-block-group alignwide is-vertical is-layout-flex wp-container-core-group-is-layout-fe9cc265 wp-block-group-is-layout-flex\">\n<p><strong><mark style=\"background-color:rgba(0, 0, 0, 0)\" class=\"has-inline-color has-contrast-color\"><strong>Carmen S\u00e1nchez, Galuri\u00f1a itsas alga enpresa \u2013 Esteiro, Muros, A Coru\u00f1a<\/strong><\/mark><\/strong><\/p>\n\n\n\n<p class=\"has-text-align-left\">Bere <a href=\"https:\/\/galurina.com\/\">Galuri\u00f1a<\/a> enpresan, Carmenek martxan jarri zuen algen bilketan eta prozesamenduan oinarritutako negozio bat. Hasieran ezezaguna zitzaion baliabide bat zen, baina ahalegin eta formakuntza urteen ostean, bere jardueraren oinarri bihurtu da. &#8220;Zur eta lur geratu nintzen landare hauei buruz eta hemen geneukan potentzialari buruz hitz egiten entzun nuenean, hain ezezaguna eta baliotsua&#8221;, gogoratzen du.<\/p>\n\n\n\n<p>Arrakastarako bidea ez zen erraza izan. Carmenek bere ibilbide profesionala utzi zuen ehungintza sektorean 2012an, eta hutsetik hastea erabaki zuen, eremu guztiz berrian. Zailtasun ekonomiko eta burokratikoek markatu zituzten bere lehen urteak langile autonomo gisa. \u201cLehen urteak oso gogorrak izan ziren, gora-behera asko izan nituen, baina beti argi izan nuen landa eremuan bizi nahi nuela eta nire alabak ingurune honetan hazi\u201d, azaltzen du. Haren moduko proiektuetan berrikuntza egiteak administrazioarekin talka egitea dakar, administrazioak ez baitu bere balioa ulertzen, eta horrek esan nahi du uko egiteak onartu behar izatea diru-sarrerarik gabeko garaietan, beste lan bat tartekatzen ez bada edo jasotzen ez bada bikotekide edo senideen laguntzarik.<\/p>\n\n\n\n<p>Hala ere, erabaki horrek aurrez aurre jarri zuen baita landa eremuko genero-desberdintasunekin ere. Carmenek azpimarratzen du emakumeek oraindik ere euren gain hartzen dituztela neurri desproportzionatuan etxeko eta familia ardurak, baita enpresa-proiektuak garatzen dituztenean ere. Gaur egun bere alabak autonomoak badira ere, aitortzen du etxearekiko lotura ez dela inoiz guztiz desagertzen: \u201cEmakumeok ez gaude zaintzeko, berdintasunez partekatzeko baizik, baina arduraren ideia hori txikitatik sartu digute buruan, eta horrekin apurtu behar dugu\u201d, dio.<\/p>\n\n\n\n<p>Urteen poderioz, Carmenek ikasi du delegatzen eta bere erantzukizun esklusibokoak ez ziren zereginak bere gain hartzeari uzten. Aldaketa horrek bere bizitza pertsonalean eta profesionalean izan duen eraginaz gogoeta egiten du. \u201cEgun batean galdetu nion neure buruari: \u2018zer ari naiz egiten?\u2019 Eta utzi egin nuen. Pixkanaka, beste batzuek beren erantzukizunak hartu zituzten. Maiz, gu geu gara zama hori betikotzen dugunak\u201d, dio. Uste du prozesu hori funtsezkoa dela emakumeek aurrera egin eta beren helburuetan zentratu ahal izateko.<\/p>\n\n\n\n<p>Carmenek bere negozioari ematen dion ikuspegiak erakusten du ere iraunkortasunarekin eta tokiko komunitatearekin duen konpromisoa. Bere ustez, hazkundea ez da salmentetan bakarrik neurtzen, baizik eta ingurunean eta bertan bizi diren pertsonengan izan dezakeen eragin positiboan ere bai. \u201cProduktuetatik harago, zaindu beharreko bizitza bat dago. Ura despentsa bat da; orain zaintzen ez badugu, espero duguna baino azkarrago desagertuko da\u201d, ohartarazten du. Ikuspegi horrek ekintza kolektiborako deia ere barne hartzen du: auzotarren arteko bilerak bultzatzea eta gardentasuna eskatzea lurraldeari eragiten dioten erabakietan.<\/p>\n\n\n\n<p>Landa eremuko emakume gisa, Carmenek aitortzen du premia dagoela emakumeek komunitate txikietan aurre egin behar dieten oztopo egiturazko eta kulturalak gainditzeko. \u201cEzin ditugu onartu gure errealitatea ezagutzen ez dutenek hartutako erabakiak\u201d, dio irmotasunez. Lidergo-eredu inklusiboago baten alde egiten du, tokiko ahotsak, bereziki emakumeenak, entzunak eta baloratuak izango diren eredu baten alde.<\/p>\n<\/div>\n\n\n\n<!--nextpage-->\n\n\n\n<figure class=\"wp-block-image size-full\"><img loading=\"lazy\" decoding=\"async\" width=\"619\" height=\"393\" src=\"https:\/\/feed4justice.ces.uc.pt\/wp-content\/uploads\/2024\/11\/Rosa.jpg\" alt=\"\" class=\"wp-image-314\" srcset=\"https:\/\/feed4justice.ces.uc.pt\/wp-content\/uploads\/2024\/11\/Rosa.jpg 619w, https:\/\/feed4justice.ces.uc.pt\/wp-content\/uploads\/2024\/11\/Rosa-300x190.jpg 300w\" sizes=\"auto, (max-width: 619px) 100vw, 619px\" \/><\/figure>\n\n\n\n<div class=\"wp-block-group alignwide is-vertical is-layout-flex wp-container-core-group-is-layout-fe9cc265 wp-block-group-is-layout-flex\">\n<p><strong><mark style=\"background-color:rgba(0, 0, 0, 0)\" class=\"has-inline-color has-contrast-color\"><strong>Rosa Dias, Quinta da Fornalhako nekazari agroekologikoa eta Al-Bio Elkartearen sortzailea \u2013 Castro Marim, Vila Real de S. Ant\u00f3nio, Faro<\/strong><\/mark><\/strong><\/p>\n\n\n\n<p>Rosa Diasek ez zuen inoiz amestu edo ikasi nekazari izateko, baina lotura emozional eta familiar sakona zuen lurrarekin. Bere aita 30 urte baino gehiagoz izan zen nekazari ekologikoa, eta hainbat zailtasuni aurre egin behar izan zien: hasieran \u201cnekazaritza ekologikoaren merkatua ez zelako nahikoa\u201d, eta gero, Turkiako piku lehorren eta AEBetako almendren lehia desleialagatik, 2000ko hamarkadan Europar Batasunak egindako akordioen ondorioz.<\/p>\n\n\n\n<p>2008aren amaieran, krisi ekonomikoaren hastapenean, Rosak erabaki zuen 1755eko lurrikaraz geroztik belaunaldiz belaunaldi eskualdatutako \u201cfamilia-ondarea\u201d zaintzeko erronka hartzea. Uko egin zion banku-enbargoei amore emateari eta finka bihurtzeari \u201cgune turistiko, golf-zelai, zitrikoen baratze, ahuakate-landaketa edo mugurdi-negutegi\u201d, Algarveko ohiko irtenbideak baitira horiek. Berarentzat, aukera horiek pentsaezinak ziren.<\/p>\n\n\n\n<p>Ama gazte eta lizentziadun berria izanik, nekazari gisa finkatzea erabaki zuen, baliatuz \u201cnekazaritzarako inbertsiorik eskatzen ez zuten gazteentzako azken laguntzak\u201d. Halaber, Emakumeen Ekintzailetza Programan parte hartu zuen, Genero Berdintasunaren Batzordeak sustatua, eta haren esanetan \u201cegitura aldetik oso ongi diseinatua\u201d zegoen, aholkularitza eskaintzen baitzuen eta sari bat jasotzeko aukera, bi urtez enpresa martxan eta jardunean mantentzen bazuen.<\/p>\n\n\n\n<p><a href=\"https:\/\/www.quinta-da-fornalha.com\/\">Quinta da Fornalha<\/a> 30 hektarea baino gehiago dituen jabetza da: 9 hektarea algarroboz, 5 pinuz, 5 pikuondoz, 5 laranjondoz, 2-3 olibondoz eta aintzira batez osatua. \u201cOso jabetza dibertsifikatua da\u201d, azaltzen du Rosak. 13 urte daramatza piku freskoak esportatzen, bere diru-sarrera nagusietako bat. Hala ere, dibertsifikazioa ezinbestekoa zen: jatetxe bat sortu zuen, landa-turismorako ostatu-unitateak eta elikagaiak prozesatzeko unitate bat, lehengai gisa erabiliz merkatu-balio gutxiago duten produktuak. \u201cKonturatu nintzen ezin nuela negozio-eredu bakar batean oinarritu\u201d.<\/p>\n\n\n\n<p>Familian jaso zuen kezka ekologikoa. Rosa laster ohartu zen lurzorua estalita ez egoteak higadura areagotzen zuela, produkzioa murrizten eta zuhaitzen biziraupena arriskuan jartzen. Ordutik, landa-eremua \u201cetengabeko baso\u201d bihurtzeko lan egin du, non zuhaitzen adaburuek itzala ematen dioten lurzoruari, materia organikoaren pilaketa sustatuz, udako beroa jasateko funtsezkoa dena.<\/p>\n\n\n\n<p>Nekazari gisa hastea erronkez beterik egon zen. Gizonak nagusi diren sektore batean, Rosa sarri sentitzen zen gutxietsita, bere itxura alternatiboa zela eta. Ez zeukan garraio hozturik, eta oraindik ez dauka piku freskoak kargatzeko kai egokirik. Hala ere, adorez eutsi zion: \u201cEmakume izateak erresilientzia handia ematen dit erronkei aurre egiteko ditudan baliabideekin\u201d. Hala ere, oraindik ere askotan gertatzen da bisitariek iristean zera galdetzea: \u201cEta gizona non dago?\u201d.<\/p>\n\n\n\n<p>Rosaren ustez, dibertsifikazioa bere emakume ikuspegiaren isla da. \u201cIkuspegi ekonomiko eta funtzional huts baten ordez, sistema konplexuago gisa ikusten dut. Gauza batzuek diru-sarrerarik ez badakarte ere, beste arlo batzuk sustatzen dituzte\u201d. Bere ustez, emakumeengan ohikoagoa da epe motzeko etekina sakrifikatzea ikuspegi zabalago baten mesedetan.<\/p>\n\n\n\n<p>Rosarentzat, ikuspegi hori lotuta dago emakumeek tradizionalki bizitzaren etapa elkarmenpekoetan betetzen duten rolarekin: haurtxoen eta adinekoen zaintzan. \u201cBadakigu guztiok babesgabe jaiotzen eta hiltzen garela. Bizitzaren fase ahul horientzako laguntza sarerik gabe, ez ginateke existituko. Agian horregatik errazagoa da ikuspegi hori agroekologiara eramatea\u201d. Horrek ere azal dezake zergatik dauden hainbeste emakume alor honetan lanean, dio.<\/p>\n\n\n\n<p>Rosa <a href=\"https:\/\/al-bio.pt\/\">Al-Bio Elkarte Agroekologikoaren<\/a> sortzaileetako bat da, gehienbat emakumeek osatutako elkartea. Elkarte horrek nekazari txikiei laguntzen die produktuak merkaturatzen, agroekologiako prestakuntza eta laguntza teknikoa eskaintzen die, eta, batez ere, helburu du elkarte-mailan \u201cmasa kritikoa\u201d sortzea, erabaki politikoetan eragiteko. Helburu horrek are garrantzi handiagoa hartu zuen ikusi zutenean Nekazaritza Ministerioak eta bestelako erakunde publikoek sarri baztertzen zituztela nekazari ekologiko eta agroekologiko txikiak Nekazaritza Politika Bateratuaren (NPB) laguntzetatik.<\/p>\n\n\n\n<p>Erakunde publikoekin izaten dituen bileretan sektorearentzat politikak eztabaidatzeko helburuz, Rosak \u2014maiz emakume bakarra izaten da\u2014 sarritan jasaten ditu \u201cmansplaining\u201d jarrerak eta bere iritzi eta ideiak gutxiesten dituztenak. Hori aurreiritziei egozten die, edo maitasunez eta zaintzaz egindako nekazaritza ulertzeko ezintasunari, soilik ikuspegi ustiatzaile eta irabazietan oinarritutako ikuspegitik at.<\/p>\n\n\n\n<p>NPBri dagokionez, Rosak gogor kritikatzen du Portugalgo aplikazioa, haren esanetan bere benetako helburua desitxuratzen duelako. \u201cEstatuak bizkarra ematen digu nekazari txikiei\u201d. Bereziki kezkagarria egin zitzaion Nekazaritza Ministerioak nekazaritza ekologikoaren laguntzetan sartzea ekoizpen integratua, politikaren eragina urardotuz.<\/p>\n\n\n\n<p>Rosak honako neurriak proposatzen ditu Portugalgo nekazaritza ekologikoaren eta agroekologikoaren egoera hobetzeko:<\/p>\n\n\n\n<ul class=\"wp-block-list\">\n<li>Nekazaritza ekologikoari buruzko aurreiritziak desegiteko sentsibilizazio-kanpainak.<\/li>\n\n\n\n<li>Nekazaritza-zentroak berraktibatzea, nekazaritza ekologikora trantsizioa laguntzeko eta aholkularitza teknikoa emateko, hala nola izurriei eta gaixotasunei aurre egiteko.<\/li>\n\n\n\n<li>Ikerketa aplikatuan inbertitzea, zentratuta nekazaritza-ekologian eta eskualdeko laborantzetan (pikuondoa, algarroboa&#8230;), eta bermatuz ezagutzaren transferentzia nekazariei.<\/li>\n\n\n\n<li>Babes integraturako dirulaguntzak murriztea, derrigorrezkoak eginez gaur egun diruz laguntzen diren betekizunak.<\/li>\n\n\n\n<li>Nekazaritza ekologikoaren laguntzak mailakatzea, sektorearen barnean agroekologia maila desberdinak aitortuz.<\/li>\n\n\n\n<li>Emakume nekazarientzako prestakuntza, tutoretza eta jarraipen programak.<\/li>\n\n\n\n<li>Udal ekimenak sustatzea tokiko produktuekin jantoki publikoak hornitzeko, eta tokiko erosketa-zentroak sortzeko laguntza.<\/li>\n\n\n\n<li>Fiskalitate abantailatsuak sistema agrokomplexuagoentzat, eskulan gehiago behar dutenak baina ingurumen eta&nbsp;gizarte onura handiagoak eskaintzen dituztenak.<\/li>\n<\/ul>\n<\/div>\n\n\n\n<!--nextpage-->\n\n\n\n<figure class=\"wp-block-image size-full\"><img loading=\"lazy\" decoding=\"async\" width=\"825\" height=\"776\" src=\"https:\/\/feed4justice.ces.uc.pt\/wp-content\/uploads\/2024\/11\/Rita.jpg\" alt=\"\" class=\"wp-image-326\" srcset=\"https:\/\/feed4justice.ces.uc.pt\/wp-content\/uploads\/2024\/11\/Rita.jpg 825w, https:\/\/feed4justice.ces.uc.pt\/wp-content\/uploads\/2024\/11\/Rita-300x282.jpg 300w, https:\/\/feed4justice.ces.uc.pt\/wp-content\/uploads\/2024\/11\/Rita-768x722.jpg 768w\" sizes=\"auto, (max-width: 825px) 100vw, 825px\" \/><\/figure>\n\n\n\n<div class=\"wp-block-group alignwide is-vertical is-layout-flex wp-container-core-group-is-layout-fe9cc265 wp-block-group-is-layout-flex\">\n<p><strong><mark style=\"background-color:rgba(0, 0, 0, 0)\" class=\"has-inline-color has-contrast-color\"><strong>Ana Rita Sousa, Nativa espazio agroekologikoaren kudeatzailea eta Odemirako Kooperatiba Integraleko kidea \u2013 S. Lu\u00eds, Odemira<\/strong><\/mark><\/strong><\/p>\n\n\n\n<p>Ana Rita, Oportokoa, Ingurumen Ingeniaritzan lizentziatu zen eta gaztetatik hasi zen ingurumen-aktibismoan parte hartzen honako taldeetan: <a href=\"https:\/\/gaia.org.pt\/\">GAIA \u2013 Grupo de A\u00e7\u00e3o e Interven\u00e7\u00e3o Ambiental<\/a> (Ingurumen Ekintza eta Esku-hartze Taldea) eta <a href=\"https:\/\/www.stopogm.net\/\">Plataforma Transg\u00e9nicos Fora<\/a> (Transgenikoen Aurkako Plataforma). 2009an Alentejora joan zen bizitzera, Alvalade do Sadoko Monte Mimon finkatuz, eta bertan jarraitu zuen GAIAko lana eta transgenikoen aurkako zein hazi libreen aldeko kanpainetan. Duela 12 urte baino gehiagotik ospatzen den <a href=\"https:\/\/www.facebook.com\/p\/Festa-das-Sementes-100057040226442\/\">Haziaren Jaiaren<\/a> jatorrian ere egon zen.<\/p>\n\n\n\n<p>Ana Ritak 2005ean ezagutu zuen agroekologiaren kontzeptua, Granadan (Espainia) izandako eztabaidetan parte hartu zuenean. Permakulturako prestakuntza jaso du eta Oporton baratze komunitario batean parte hartu zuen. Hala ere, Alentejora iritsi zenean erronka berriei egin behar izan zien aurre: \u201caitzurra ez zebilen, haziak ez ziren ernetzen&#8230; eta Alentejo, dena lautada\u201d. Lehen urteak bere bizimodu berria finkatzeko erabili zituen: etxea, lurra, eta lurralde berrira egokitzea, aldi berean ama izatearen esperientzia biziz: \u201cdenetik ikastea izan zen, eta ezer ez\u201d.<\/p>\n\n\n\n<p>2016an, Ana Ritak <a href=\"https:\/\/redecooperar.blogspot.com\/\">Rede Cooperar<\/a> sortzen lagundu zuen; hasieran ama gazteek osatutako sare bat izan zen, beren beharrak asetzeko konponbideak bilatzen zituena, eta gerora jakintzak partekatzeko espazio bihurtu zen: landaketa, eraikuntza, produktuen eraldaketa eta uraren kudeaketa. Sare hori funtsezko plataforma bihurtu zen agroekologia praktika gisa sendotzeko, ekintza konkretu bihurtu ziren kontzeptuak eta esperientziak uztartuz.<\/p>\n\n\n\n<p>2017an, Rede Cooperar sareak REPASTO sortu zuen \u2013 Aitorpen Partehartzaile eta Solidarioa \u2013, bereme sistema partehartzaile bat, agroekologia praktiken bueltan \u201cmasa kritikoa\u201d sortu zuena. Testuinguru horretan, Monte Mimon, identifikatu zuten ur-lineetan modu erregeneratiboagoan jarduteko beharra, eta horrek ur-atxikipenerako paisaia bat ezartzera eraman zituen, horrela ahalbidetuz salmentarako barazkiak ekoitzi ahal izatea.<\/p>\n\n\n\n<p>2019an, lankidetzan hasi ziren <a href=\"https:\/\/amap.movingcause.org\/\">AMAPekin (Hurbileko Nekazaritzari Eusteko Elkarteak)<\/a>, kontsumitzaileak zuzenean hornituz produktu-saskiekin. Lau urtez, 20 bat familiarentzat elikagaiak ekoitzi zituzten. Hala ere, barazkien ekoizpenaren erritmo azkarrak eten bat hartzera eraman zituen, nahiz esperientzia aberasgarria izan zen. Aukera eman zien konturatzeko agroekologia prozesu luzea dela, bai ikasketa prozesu gisa nola klimara eta lurraldera egokitzeko prozesu gisa.&nbsp;AMAPekin lankidetzak agroekologiaren alderdi soziala ere sendotu zuen, eztabaidak sustatuz lanak eta arriskuak partekatzeko eta erabakiak kolektiboki hartzeko moduen inguruan.<\/p>\n\n\n\n<p>Gaur egun, Ana Ritak <a href=\"https:\/\/www.regenerativa.pt\/\">Espa\u00e7o Nativa<\/a> zuzentzen du, kafetegi, jatetxe eta janari-denda bat, <a href=\"https:\/\/www.regenerativa.pt\/\">Odemirako Kooperatiba Integralaren<\/a> parte dena. Espazio honek tokiko produktuak lehenesten ditu eta aukera ematen dio elikadura-sistemaren beste alderdi bat esploratzeko: kontsumoa. Aldi berean, aukera ematen dio trantsizio agroekologikoan parte hartzen jarraitzeko. Berak dinamizatutako AMAPak beste sustatzaile batekin jarraitu izanak ere frogatu du sistema erresilientea dela. &nbsp;<\/p>\n\n\n\n<p>Ama izatearen esperientzian murgildu zenean hasi zen Ana Rita sakonki hausnartzen emakumearen rolaren eta zaintzaren esanahiaren inguruan. Amatasunak erritmo motelagoa ekarri zion, intimoagoa, bere gorputzarekin konektatua. Aktibismoaren munduan ohituta zegoen, non emakumeek eta gizonek lanak partekatzen dituzten, baina zail egin zitzaion bateratzea \u201cgizonek egiten zutena egiten jarraitzeko\u201d nahia eta edoskitzea. Norbere burua ezagutzeko prozesu zorrotza baina eraldatzailea izan zen.<\/p>\n\n\n\n<p>Hausnarketa horretatik sortu zuen beste ama batzuekin batera Haziaren Jaialdia, aktibismoarekin jarraitzeko modua haur txikiak zaintzen zituzten bitartean. Ana Ritarentzat, zaintzaren ekintza estu lotuta dago agroekologiarekin: bizitzaren zerbitzura egotea, kolektiboki konponbideak sortzea eta behar komunak asetzeko plangintza egitea. Parte hartzen duen sareetan, nagusiki emakumeek zuzendutakoak, nabarmentzen dira ondasun komuna bezalako baloreak, aldiz, gizonak nagusi diren nekazaritza-elkarte handietan \u201cbaliabideen kontrolaren\u201d logika eta irabazi ekonomikoaren maximizazioa nagusi diren bitartean.<\/p>\n\n\n\n<p>Ana Ritak salatzen du zaintza-lanen ikusezintasuna, bereziki landa-eremuetan: \u201cEkoizle bikote bat ikusten duzunean, emakumeak denbora gehiago ematen du plangintza egiten, haziak zaintzen edo ikusezinak diren lanak egiten, eta sarritan ez da ekoizle gisa aitortzen\u201d. Aitortza hori funtsezkoa da emakumearen rola balioesteko tokiko eta erresilienteak diren elikadura-sistemetan.<\/p>\n\n\n\n<p>Elikadura-sistema tokiko, kolaboratibo eta iraunkorren aldeko defendatzailea da Ana Rita, eta \u201csistema bizidunak\u201d behetik gorako sareen bidez bultzatzearen aldekoa. Bere ametsetako bat, eta politika publikoko proposamena ere bai, zera da: ureztatzeko eremuak bihurtzea ura atxikitzeko paisaia, sustatuz ondasun komunaren zaintza eta zaintza hori lurralde osoan hedatuz.<\/p>\n<\/div>\n\n\n\n<!--nextpage-->\n\n\n\n<figure class=\"wp-block-image size-full\"><img loading=\"lazy\" decoding=\"async\" width=\"958\" height=\"774\" src=\"https:\/\/feed4justice.ces.uc.pt\/wp-content\/uploads\/2024\/11\/Carmen-1.jpg\" alt=\"\" class=\"wp-image-323\" srcset=\"https:\/\/feed4justice.ces.uc.pt\/wp-content\/uploads\/2024\/11\/Carmen-1.jpg 958w, https:\/\/feed4justice.ces.uc.pt\/wp-content\/uploads\/2024\/11\/Carmen-1-300x242.jpg 300w, https:\/\/feed4justice.ces.uc.pt\/wp-content\/uploads\/2024\/11\/Carmen-1-768x620.jpg 768w\" sizes=\"auto, (max-width: 958px) 100vw, 958px\" \/><\/figure>\n\n\n\n<div class=\"wp-block-group alignwide is-vertical is-layout-flex wp-container-core-group-is-layout-fe9cc265 wp-block-group-is-layout-flex\">\n<p><strong><mark style=\"background-color:rgba(0, 0, 0, 0)\" class=\"has-inline-color has-contrast-color\"><strong>Carmen Staats, nekazari agroekologikoa eta Mercadinho do Bot\u00e2nico-ko sortzailea \u2013 Lous\u00e3, Coimbra<\/strong><\/mark><\/strong><\/p>\n\n\n\n<p>Carmen-ek, 64 urteko alemaniarra, medikuntza ikasi zuen, baina beste bide bat hartu zuen Lous\u00e3 mendietan ezarri zenean, 80ko hamarkadan, nekazari gisa. Nekazari baten alaba eta biloba izanik, hasieran etxerako janaria ekoizten hasi zen, eta geroago ekoizpena handitu zuen salmentarako. Bere erabakiak jende asko harritu zuen: \u201cGarai hartan, inork ez zuen ulertzen bi alemaniar zergatik finkatzen ziren landa-eremu portugesean, herrietako portugaldarrak Suitzara, Alemaniara edo Frantziara emigratzen ari ziren bitartean\u201d.<\/p>\n\n\n\n<p>Eskualdeko lehenetarikoa izan zen nekazaritza ekologikoa praktikatzen, eta hasieran \u201cbeste mundu batekoa\u201d zirudien horrek. Gogoratzen du, adibidez, laurogei urteko auzotar batek, lagundu nahi izan eta, gau batean, bere baratzean produktu kimikoak bota zituela. Hala ere, urteen poderioz, gauzak aldatu ziren: auzotarrek pestizidarik gabe nola landatu galdetzen hasi zitzaizkion, interesa agertuz produktu kimikoen erabilera murrizteko.<\/p>\n\n\n\n<p>Carmenek baratzezaintza txikia egiten du batez ere, aniztasuna lehenetsiz bolumen handien aurrean. Aniztasun horrek, azaldu duenez, arriskuak murrizten laguntzen du. Zirkuitu laburren aldekoa da, eta zuzenean saltzen dio kontsumitzaileari: \u201cJustuagoa da, bai niretzat bai kontsumitzailearentzat\u201d. Bere ustez, arazo nagusiak supermerkatu-kateen mendekotasunetik datoz, eta horiek, dioenez, kalte handia egin diote nekazaritzari.<\/p>\n\n\n\n<p>Lankidetza kolektiboaren indarrean sinesten du. Beste ekoizle ekologiko batzuekin batera, truke eta salmentarako merkatu bat antolatu zuen Lous\u00e3n. Proiektu horrek bilakaera bat izan zuen eta Coimbrako <a href=\"https:\/\/pt-pt.facebook.com\/mercadinhodobotanicocoimbra\/\">Mercadinho do Bot\u00e2nico<\/a>-ren antolaketan parte hartzera eraman zuen, unibertsitatearen ondoan kokatua. Urteetan zehar, 16 eta 20 nekazari artean elkartzen ziren bertan, batzuk ziurtagiri ekologikoarekin eta beste batzuk gabe. Produktuen kalitatea eta kontsumitzaileen konfiantza bermatzeko, partaidetza-ziurtagiri sistema bat ezarri zuten, ekoizleen lursailetara bisitak egiteko aukerarekin.<\/p>\n\n\n\n<p>Pandemiaren ondorioz, Mercadinho itxi egin zen eta ez da berriro ireki. Gaur egun, Carmenek eta beste ekoizle batzuek Coimbrako Calhab\u00e9 merkatuan saltzen dute, jarraituz nekazaritza jasangarriaren eta zuzeneko salmentaren printzipioak sustatzen.<\/p>\n\n\n\n<p>Carmenek dio ez duela inoiz emakume izateagatik oztoporik sentitu nekazaritzan: \u201cNiretzat ez ziren existitzen\u201d. Hasieran, traktoregileek zalantzak zituzten arren emakume baten enkarguak onartzeko, denborarekin beren errespetua lortu zuen. Hala ere, onartzen du atzerritar izateak estatus berezi bat ekarri ahal izan diola: \u201cBere emazteengandik onartuko ez zuten jokabidea onartu zidaten\u201d. &nbsp;<\/p>\n\n\n\n<p>Nekazaritza txikia behatuz, emakumeek nagusitasuna dutela ikusten du, batez ere baratzezaintzan eta fruta ekoizpenean, non ez den behar makineria astunik edo lursail handirik. Emakume horiek, familia-ustiapenetan aritzen direnak gehienetan, nekazaritza lanak etxeko lanekin uztartzen dituzte, Carmenek miresgarritzat jotzen duen ahalegin bikoitza eginez: \u201cIzugarri onak dira aldi berean hainbat lan egiten\u201d.<\/p>\n\n\n\n<p>Bisitatzen dituen merkatuetan, gehienetan emakumeak izaten dira produktuak saltzen dituztenak, eta gizonak, askotan traktore-lanen arduradunak, baratzeetatik urrunagoko lanetan ibiltzen dira. Hala ere, belaunaldi gazteagoetan, erantzukizunen banaketa orekatuagoa ikusten du, aldaketa kultural eta sozialak islatzen dituen errealitatea.<\/p>\n\n\n\n<p>Lehen aldiz Lous\u00e3 mendietara iritsi zenean, emakumeak ez ziren kafetegietan sartzen, garai hartako genero-desberdintasunen isla. Gaur egun, egoera hori aldatu egin da. Carmenek azpimarratzen du familiako nekazaritza txikian, eta batez ere bikote nagusietan, nabaria dela genero-rolen arteko banaketa, baina elkarrekiko errespetuz eta oreka batekin. Hala ere, errealitate hori aldaketa prozesuan dago, gazteen artean bereziki, malguagoak baitira genero-dinamikak.<\/p>\n\n\n\n<p>Carmenek gogor kritikatzen ditu inportazio eta esportazio masiboak sustatzen dituzten politikak, kaltetzen dituztelako tokiko nekazariak eta herrialde pobreenak. Bere ustez, funtsezkoa da salmenta zuzena eta zirkuitu laburrak sustatzea, nekazaritza jasangarria eta tokiko ekonomia indartzeko. Era berean, aldarrikatzen du nekazaritza ekologikoaren eta tokiko ekoizpenaren balorazio handiagoa, bide egokitzat hartzen baititu etorkizun bidezkoago eta orekatuago baterako. &nbsp;<\/p>\n<\/div>\n\n\n\n<!--nextpage-->\n\n\n\n<figure class=\"wp-block-image size-full\"><img loading=\"lazy\" decoding=\"async\" width=\"896\" height=\"746\" src=\"https:\/\/feed4justice.ces.uc.pt\/wp-content\/uploads\/2024\/11\/Fatima-Costa.jpg\" alt=\"\" class=\"wp-image-324\" srcset=\"https:\/\/feed4justice.ces.uc.pt\/wp-content\/uploads\/2024\/11\/Fatima-Costa.jpg 896w, https:\/\/feed4justice.ces.uc.pt\/wp-content\/uploads\/2024\/11\/Fatima-Costa-300x250.jpg 300w, https:\/\/feed4justice.ces.uc.pt\/wp-content\/uploads\/2024\/11\/Fatima-Costa-768x639.jpg 768w\" sizes=\"auto, (max-width: 896px) 100vw, 896px\" \/><\/figure>\n\n\n\n<div class=\"wp-block-group alignwide is-vertical is-layout-flex wp-container-core-group-is-layout-fe9cc265 wp-block-group-is-layout-flex\">\n<p><strong><mark style=\"background-color:rgba(0, 0, 0, 0)\" class=\"has-inline-color has-contrast-color\"><strong>Fatima Costa, nekazari tradizionala eta nekazaritzako jornalaria, A Geradora Kooperatiba Integraleko kidea \u2013 P\u00f3voa do Concelho, Trancoso, Guarda<\/strong><\/mark><\/strong><\/p>\n\n\n\n<p>Fatima P\u00f3voa do Concelho herrian jaio zen, Trancosoko udalerrian, Guardako barrutian, eta bere bizitza lurrarekin loturak markatu izan du beti. Txikitatik hasi zen gurasoekin batera lantzen patatak, gaztainak eta zekalea, \u201cgarai hartan zekale asko biltzen genuen\u201d. 38 urterekin alargundu zen, hiru seme-alaba eskolan zituela, eta zailtasun handiei egin behar izan zien aurre. Urte batzuetan Rhodes oinetakoen fabrikan lan egin zuen, baina fabrika hori itxi zuten geroago. Hamarkada batez baino gehiagoz zaindu zuen bere ama gaixoa, inolako laguntza edo babesik gabe. \u201cBizimodua bilatu behar izan nuen\u201d, dio. Gaur egun, 61 urterekin, nekazaritzan jarraitzen du.<\/p>\n\n\n\n<p>Aitak utzitako lurretan, Fatimak beti izan du baratze txiki bat, batez ere kontsumo propiorako, eta olibondo eta arto pixka bat ere bai. Dioenez, eskala txikiko nekazaritzak ez dakar diru-sarrera esanguratsurik: \u201cEz dago asko saltzeko, nekazaritzak ez duelako ematen. Ez du ematen ezta miniaturazko pertsona batentzat ere\u201d. Salbuespena gaztaina da, kalitate handiko eta oso eskari handiko produktua. Hala ere, hemen ere arazoei aurre egin behar die: bitartekariei saltzen die, eta kexu da \u201clurra lantzen duen gizajoa delako gutxien jasotzen duena. Apur bat gehiago ordain diezagukete, baina ez dute egiten\u201d.<\/p>\n\n\n\n<p>Zailtasun guztien gainetik, nekazaritza estimatzen jarraitzen du: \u201cNekazaritza gustuko dudan zerbait da. Hobe da janari naturalagoa jatea, norberak ekoitzitakoa\u201d. Ahal duen neurrian produktu kimikoak saihesten ditu, nahiz eta aitortzen duen ia ezinbestekoak direla nekazaritza intentsiboan, langile faltagatik.<\/p>\n\n\n\n<p>Fatimak amarengandik ikasi zuen dakiena, eta garai bateko teknika batzuk gogoratzen ditu, adibidez, zekalea landatzeko barrokoen inguruko lurrak aukeratzea (harri handiak paisaian), euria pilatzen zelako bertan eta horrek produkzioa hobetzen zuelako. \u201cBarroco inguruan lortzen dira galburu handienak\u201d. Hala ere, zekalea lantzeari utzi zion, prezioek ez baitzuten merezi.<\/p>\n\n\n\n<p>Gaur egun, sasoiko \u201cjornalekin\u201d osatzen ditu diru-sarrerak: mahastiak prestatzen eta sagar biltzen lan egiten du. Emakumeen eta gizonen arteko soldata-arrakala salatzen du: \u201cHaiek lan bera egiten dute, eta guk baino gehiago irabazten dute\u201d. Emakumeek protesta egiten badute ere, alde hori mantentzen da, eta gutxi dira lan bera egiteagatik berdin ordaintzen duten ustiategiak. Emakumeek 30 eta 35 euro artean irabazten dute 8 orduko lanagatik, eta gizonek, berriz, 40 eta 45 euro artean. \u201cEta guri soldata igotzen badigute, haiek gehiago irabaztea eskatzen dute, eta lortzen dute\u201d.<\/p>\n\n\n\n<p>Fatimak babes eta parte-hartze espazio bat aurkitu zuen 2022an sortutako <a href=\"https:\/\/www.facebook.com\/a.geradora.coop\">A Geradora Kooperatiba Integralean<\/a>, eta bertan esperientziak partekatu eta komunitate-jarduerak egiten dituzte. Nekazaritzan landa-emakumeak duen paperari buruzko bilera baten ondoren, hurbiletik jarraitu zuen baratzetako produktuak saltzeko kooperatiba bat sortzeko ideia, nahiz eta proiektua oraindik garapen fasean dagoen.<\/p>\n\n\n\n<p>Kooperatiban parte hartzen duen ekimenen artean daude mendi-ibilaldiak, herrirako otorduak antolatzea, antzerkietan parte hartzea eta <a href=\"https:\/\/magazineserrano.pt\/broca-viva-na-aldeia-da-broca-trancoso\/\">Broca Viva jaialdian<\/a>&nbsp;inplikatzea (Broca herri hustuari bizitza ematen diona). Fatimarentzat, \u201cjende gutxi dagoen lekuetan, batzuk hil eta gazteak emigratu egiten baitute\u201d, funtsezkoa da halako ekimenetan parte hartzea, sozializazioa sustatzeko eta komunitate-loturak indartzeko.<\/p>\n\n\n\n<p>Gainera, Fatimak lortu du betidanik ezinezkoa iruditu zaion amets bat: folklore talde batean sartzea. Betidanik gustatu izan zaio dantzatzea eta talde horiek ikustea, baina inoiz ez zuen aukera izan, baserriko lana, lantegikoa eta familia zaintza zirela medio. Orain, harro dio: \u201cAmetsetako bat bete dut, inoiz lortuko ez nuela uste nuen, baina orain bai, lortu dut\u201d.<\/p>\n\n\n\n<p>Bere herriari dagokionez, Fatimaren ustez arreta handiagoa behar da hustutako herrietan, hasita garbiketa eta mantentze lanetatik. Maila orokorragoan, nekazaritza-lana baloratzen duten politikak aldarrikatzen ditu, soldata-arrakalak ezabatzeko eta ekoizpenaren merkaturatze justua sustatzeko, nekazari txikiak beren lanetik duintasunez bizi ahal izan daitezen.<\/p>\n<\/div>\n\n\n\n<!--nextpage-->\n\n\n\n<figure class=\"wp-block-image size-full\"><img loading=\"lazy\" decoding=\"async\" width=\"773\" height=\"663\" src=\"https:\/\/feed4justice.ces.uc.pt\/wp-content\/uploads\/2025\/01\/Paula-Quinta-Maravilha-1.jpg\" alt=\"\" class=\"wp-image-1307\" srcset=\"https:\/\/feed4justice.ces.uc.pt\/wp-content\/uploads\/2025\/01\/Paula-Quinta-Maravilha-1.jpg 773w, https:\/\/feed4justice.ces.uc.pt\/wp-content\/uploads\/2025\/01\/Paula-Quinta-Maravilha-1-300x257.jpg 300w, https:\/\/feed4justice.ces.uc.pt\/wp-content\/uploads\/2025\/01\/Paula-Quinta-Maravilha-1-768x659.jpg 768w\" sizes=\"auto, (max-width: 773px) 100vw, 773px\" \/><\/figure>\n\n\n\n<div class=\"wp-block-group alignwide is-vertical is-layout-flex wp-container-core-group-is-layout-fe9cc265 wp-block-group-is-layout-flex\">\n<p><strong><mark style=\"background-color:rgba(0, 0, 0, 0)\" class=\"has-inline-color has-contrast-color\"><strong>Paula Serrano, nekazari agroekologikoa, AMAP Quinta Maravilha-n \u2013 Algeruz, Palmela, Set\u00fabal<\/strong><\/mark><\/strong><\/p>\n\n\n\n<p><a href=\"https:\/\/www.instagram.com\/quintamaravilha\/\">Quinta Maravilha<\/a> duela zazpi urte eta erdi sortu zen, Paulak bere bizitza aldatzeko eta bere semeari \u201clandan bizitzeko aukera bat\u201d emateko gogotik sortu ere. Paularen inspirazio iturri nagusiak izan ziren bere amona Lucinda nekazariaren haurtzaroko oroitzapenek eta \u201cmunduarentzat zerbait zehatz eta esanguratsua egiteko\u201d nahia. Horrela, agroekologiari heltzea erabaki zuen. Hasieratik, hala ere, argi zuen proiektu hau ez zela izango bere familiarentzat bakarrik: \u201cBeti iruditu zait logikoa beste jende batzuk ere parte hartzea\u201d, baieztatzen du.<\/p>\n\n\n\n<p>Komunitatearen ikuspegi hori gauzatu zen <a href=\"https:\/\/amap.movingcause.org\/\">AMAP sortzearekin \u2014Hurbileko Nekazaritzari Eusteko Elkartea<\/a>\u2014, pixkanaka eraikitako prozesu batean, hainbat fasetatik igarota. AMAPen, kontsumitzaileei <em>koekoizle <\/em>deitzen zaie, Paulak azaldu bezala, \u201cgurekin partekatzen dituztelako nekazal ekoizpenaren ardurak\u201d. Urtean bi batzarretan parte hartzen dute \u2014udazken\/negukoa eta udaberri\/udakoa\u2014, eta hilean behin, landa-lanetan laguntzen dute <em>ajudada<\/em>&nbsp;deituriko saioetan, lana eta elkarbizitza uztartzen diren une bereziak. Paularen iritziz, eredu horrek eraldatu egiten du kontsumitzaileek elikagaiekiko duten harremana: \u201cOso bestelakoa da ulertzea nondik datozen elikagaiak, zein prozesu eta lan eskatzen duten\u201d.<\/p>\n\n\n\n<p>Gaur egun, hiru emakume nekazari aritzen dira Quinta Maravilhan: Paula, Ana eta Maggie, horietatik bi lanaldi partzialean. Hasieran, Henriquek ere parte hartzen zuen, baina gaur egun eraikuntza lanetan ari da nagusiki, eta noizean behin laguntzen du. Finkan badira sukalde kolektibo bat eta boluntario zein bisitarientzako etxetxo txiki batzuk, eta asmoa dute etorkizunean sukalde komunitario bat irekitzeko, horrek ahalbidetuko duelarik produktuak eraldatzea eta inplikatzea beste ekoizle batzuk zein auzoko komunitatea.<\/p>\n\n\n\n<p>Emakume nekazari gisa, erronka asko izan ditu Paulak. Hasiera batean lanak berdintasunez banatzea zuten xede, baina azkenean, zereginak banatu ziren bakoitzaren gaitasunen arabera. \u201cHasieran, guk belar txarrak kentzen genituen eta berak [gizonezkoak] makinak erabiltzen zituen. Ez naiz horretaz harro\u201d, aitortzen du.<\/p>\n\n\n\n<p>Gainera, berak gehiago nabaritzen du ustiategiaren kudeaketa-lanen pisua, plangintza ardurak hartuz, bereziki garrantzitsua dena funtzionaltasuna eta edertasuna uztartu nahi dituen ekoizpen dibertsifikatuan. \u201cGure baratzea ez da soilik baratzea, ia lorategia izatea ere nahi dugu\u201d, dio Paulak. Eginkizun hori hartzen du bere gain egonkortasun ekonomikoa bermatzeko kezkatik, eta baita lan-orduak, familia-bizitza eta gustuko dituen beste jarduera batzuk orekatzeko kezkatik ere. Ama izateak areagotu egin du epe luzerako proiektu iraunkor bat sortzeko ardura, bai ikuspegi ekonomikotik zein familiaren eta lanaren kontziliaziotik.<\/p>\n\n\n\n<p>Erronka horiei aurreko egiteko Paulak aurkitu dituen irtenbideetako batzuk dira lana kolektiboagoa izatea, diru-sarrera iturriak dibertsifikatzea eta jarduerak ondo planifikatzea. Kolektibo batean egotea baliagarria da estrategia eta jarduteko modu berriak pentsatzeko: \u201cDenok gure beharrak gainditu ahal izateko\u201d, dio.<\/p>\n\n\n\n<p>Nekazaritzarako diru-laguntzei dagokienez, Paulak kritikatu du \u201cfinantzaketa ez datorrela bat egiten ari garen nekazaritza eskalarekin\u201d, izan ere, laguntza horiek monolaborantza eta ustiategi handiak babesten dituzte. Finantzaketarik gabe, proiektuak bere indarra aurkitu du kolektiboan, auzoan eta familian. \u201cHori gabe, ez ginateke egongo gauden tokian\u201d, onartzen du.<\/p>\n\n\n\n<p>\u201cAMAP honekin harro nago, eta sentitzen dut lan bikaina egiten ari garela kolektibo gisa\u201d, dio Paulak. Berarentzat, proiektuaren muina dira elkarri laguntzea, ikaskuntza kolektiboa eta lurrarekin konektatzea. \u201cBurbuila txiki bat sortzen ari gara, eta zabaldu daiteke\u201d, amaitzen du Paulak, erakutsiz Quinta Maravilha nekazaritza proiektu bat baino askoz gehiago dela.<\/p>\n<\/div>\n\n\n\n<!--nextpage-->\n\n\n\n<figure class=\"wp-block-image size-full\"><img loading=\"lazy\" decoding=\"async\" width=\"712\" height=\"670\" src=\"https:\/\/feed4justice.ces.uc.pt\/wp-content\/uploads\/2025\/02\/Fernanda-foto1.jpg\" alt=\"\" class=\"wp-image-1550\" srcset=\"https:\/\/feed4justice.ces.uc.pt\/wp-content\/uploads\/2025\/02\/Fernanda-foto1.jpg 712w, https:\/\/feed4justice.ces.uc.pt\/wp-content\/uploads\/2025\/02\/Fernanda-foto1-300x282.jpg 300w\" sizes=\"auto, (max-width: 712px) 100vw, 712px\" \/><\/figure>\n\n\n\n<div class=\"wp-block-group alignwide is-vertical is-layout-flex wp-container-core-group-is-layout-fe9cc265 wp-block-group-is-layout-flex\">\n<p><strong><mark style=\"background-color:rgba(0, 0, 0, 0)\" class=\"has-inline-color has-contrast-color\"><strong>Fernanda Mateus, nekazari agroekologikoa eta BioEco elkarteko kidea \u2013 Raba\u00e7as, Oleiros, Castelo Branco<\/strong><\/mark><\/strong><\/p>\n\n\n\n<p>Fernanda emigranteen alaba da, Frantzian jaio zen, eta lehen aldiz nekazaritzarekin harremanetan jarri zen zazpi urterekin Portugalen bizi izaten hasi zenean, aitona-amonekin. Herrixka batean hazi zen, bertan amona nekazaria zuen, eta honela gogoratzen du: \u201cNekazaritza-lan guztiak behatzeko aukera izan nuen, oraindik ezagutza zaharren arrasto asko zituztenak. Eta pixkanaka, landare eta animaliekiko maitasuna piztu zitzaidan; maitemindu nintzen landa-bizitzaz, baserriko bizimoduaz\u201d.<\/p>\n\n\n\n<p>Castelo Branco hirian ikasi ondoren, nekazaritzarekiko zuen pasioak eraman zuen agronomiako lizentziaren alde egitera. Urte batzuk eman zituen nekazariei aholkularitza teknikoa ematen, lehenengo ekoizpen integratuan eta geroago nekazaritza ekologikoan zentratuta, harik eta bizitza guztiz aldatzea erabaki zuen arte 50 urteak hurbil zituela, nekazari bihurtzeko. Kostaldea utzi eta barnealdeko bere familia-lurrak berreskuratu zituen, Raba\u00e7as herrira, Oleiros udalerrian, mendi artean.<\/p>\n\n\n\n<p>Lehenik, Castelo Brancoko kanpoaldera joan zen bizitzera, bere familia bizi zen tokira, eta han hasi zen baratze txiki bat lantzen. Hala ere, bere benetako ametsa herrira bizitzera joatea zen. Lursaila garbitu, zuhaitzak landatu eta etxea berritu zuen, 2020ko sute handia bezalako erronkei aurre eginez, zeinak ondasunaren zati bat suntsitu baitzuen. Gaur egun barazki ugari lantzen ditu, fruta-arbolak ditu eta baita olibadi tradizionala ere, guztiak lursail txikietan eta mendi-lurretan. Tokikoak eta erresistenteak diren barietateak lehenesten ditu.<\/p>\n\n\n\n<p>Urteen poderioz, nekazaritza jasangarriaren arlo desberdinak ikasten joan da: ekologikoa, biodinamikoa, permakultura, nekazaritza naturala eta, azkenaldian, sintr\u00f3pikoa. Hala ere, inoiz ez da horietako bakari bati ere atxiki. Fernandaren ustez, nekazaritza jasangarria da \u201clurrarekin, animaliekin, ingurumenarekin eta, batez ere, pertsonekin errespetuzko jarrera duen nekazaritza\u201d. Era berean, antzinako ezagutzak eta tokiko barietateak berreskuratzearen aldekoa da, baina deitoratzen du \u201ctamalez, gai honek asko tristatzen nau, hemengo landare barietate asko galdu dira, hazi emankorragoak iritsi direlako eta galdu egin ditugulako ekoizpen handiagoko hazi berriak iritsi direlako eta horiek hartu dutelako lekua\u201d.<\/p>\n\n\n\n<p>Nekazaritza konbentzionalaren eta jasangarriaren arteko aldeaz galdetuta, Fernandak azpimarratzen du lehena azkarragoa eta errazagoa dela, ezagutza gutxiago behar duela, eta bigarrenak oreka bilatzea eskatzen duela, adibidez izurriteen eta harrapari naturalen artean. \u201cNatura errespetatzea funtsezkoa da\u201d, dio. Berarentzat, nekazaritza jasangarria lurrarekin, landareekin, arbasoekin eta kontsumitzaileekin izandako maitasun modua da, \u201ckalitatez lantzen dudanean, errespetatzen ari naiz neure burua, ingurunea eta elikagai horiek jango dituztenak\u201d.<\/p>\n\n\n\n<p>Fernandak uste du nekazaritza \u201czaila dela, baina niretzat erabat zirraragarria\u201d. Deitoratzen du ez estimatzea nekazari txikien lana eta kalitatezko elikagaiak. \u201cKantitatean eta itxura akatsik gabeko produktuan oinarritutako pentsamolde horrek dirauen bitartean, nekazaritza jasangarria ez da inoiz benetan balioetsiko\u201d, dio, eta argudiatuz eskala txikikoa dela benetan mundua elikatzen duen nekazaritza.<\/p>\n\n\n\n<p>Ez du inoiz aurreiritzirik jasan emakume izateagatik, ez teknikari moduan ez nekazari bezala. Nabarmentzen du hirian eta herrian elkarri laguntzeko aurkitu duen espiritua, izan ere, herritarrak beti daude laguntzeko eta ezagutzak partekatzeko prest. Onartzen du lan batzuek indar fisiko gehiago eskatzen dutela, eta horrek emakumeentzat zailtasunak ekar ditzakeela.<\/p>\n\n\n\n<p>Fernandak uste du nekazaritzako ezagutza tradizional asko galdu direla, batez ere 60ko hamarkadako migrazio handien ondoren. \u201cHerrietan, batez ere emakumeak aritzen ziren nekazaritzan\u201d, dio, eta gehitzen du askok ezagutza sendagarriak ere bazituztela, bere amonak bezala, \u201cherriko emagina eta sendagilea baitzen\u201d. Hala ere, dolua adierazten du ezagutza horiek denborarekin galdu direlako, argudiatuz \u201cgure kultura ez dela hiriko edo erdigune handiaren kultura, baizik eta landa-kultura, eta hori desagertzeko arriskuan dago\u201d.<\/p>\n\n\n\n<p>Agroekologiari eta nekazaritza jasangarriari dagokienez, Fernandak uste du lotura handiagoa dagoela emakumeen eta praktika horien artean. Azaltzen duenez, \u201cnekazaritza mota hau emozionalagoa da, sentikorragoa eta pazientzia gehiago eskatzen duen lana, eta horretan emakumeek, euren ibilbideagatik, lotura handiagoa izaten dute; eta gizonek kanpoan lan egiteko aukera gehiago izaten dutenez, emakumeek ez dute aukera bera. Leku askotan lan-aukerak oso mugatuak dira, eta horregatik gizonentzat errazagoa da zerbaitetan aritzea, eta ez emakumeentzat. Emakumeek askotan ez dute hain erraza etxetik kanpo lan egitea, eta horregatik gehiago aritzen dira atzeko patio txikian, eta askotan antzinako ezagutzak berreskuratzen saiatzen dira\u201d.<\/p>\n\n\n\n<p><a href=\"https:\/\/bioeco.pt\/\">BioEco<\/a> elkarte agroekologikoan parte hartzeak aukera eman dio bere produktuak ekoizleen azoketan saltzeko ez ezik, nekazaritza mota hori ezagutarazteko eta balioan jartzeko ere. \u201cElkarteak ahots handiagoa du, ikusgarritasun handiagoa\u201d, dio. BioEcok laguntza ekonomikoa ere ematen die kideei ziurtagirien kostuak estaltzeko. Duela urte batzuk, elkartea saiatu zen bere kideen produktuen salmenta antolatzen, otarreak erabiliz edo dendara entregatzeko sistema baten bidez, baina \u201cez zuen aurrera egin, borondatezko lana oinarri duen elkarte bat delako\u201d. Bere esanetan, nahi izanez gero eskoletako jantokiak eta ospitaleak hornitzea eskala txikiko nekazaritzatik datozen elikagai osasuntsuekin, behar dira finantzazioa eta ordaindutako eskulana, ekoizle txikiak bildu eta produktuen bolumena handitzeko.<\/p>\n\n\n\n<p>Politika agrarioa kritikatzen du, eta zalantzan jartzen du bere produktuen ziurtagiriagatik ordaindu beharra; nekazaritza konbentzionalak, berriz, ez dio aurre egiten kontrol horri. \u201cNik ziurtatzaile bati ordaindu behar diot nire kalitatezko produktua ziurta dezan, eta pestizidak mugarik gabe erabiltzen dituen nekazari batek (ez baitaude kontrolatuta), sal dezake inolako kontrolik edo ziurtagiririk gabe. Ez diot logikarik aurkitzen\u201d, dio.<\/p>\n\n\n\n<p>Bere ustez, dirulaguntzek ekoizle handiei laguntzen diete, eta baztertuta uzten dituzte eskala txikiko nekazaritza eta nekazaritza mota desberdinak, hala nola mendialdekoa, non mekanizazioa zaila den. \u201cBeste era batera baloratu beharko liratekeen eremuez ari gara, eta baloratu beharko lirateke baita lur zaharrak hartu eta bizitzara itzultzen dituztenak ere\u201d, ondorioztatu du.<\/p>\n<\/div>\n\n\n\n<!--nextpage-->\n\n\n\n<figure class=\"wp-block-image size-full\"><img loading=\"lazy\" decoding=\"async\" width=\"716\" height=\"690\" src=\"https:\/\/feed4justice.ces.uc.pt\/wp-content\/uploads\/2025\/02\/Eunice-e1739368799353.jpg\" alt=\"\" class=\"wp-image-1560\" srcset=\"https:\/\/feed4justice.ces.uc.pt\/wp-content\/uploads\/2025\/02\/Eunice-e1739368799353.jpg 716w, https:\/\/feed4justice.ces.uc.pt\/wp-content\/uploads\/2025\/02\/Eunice-e1739368799353-300x289.jpg 300w\" sizes=\"auto, (max-width: 716px) 100vw, 716px\" \/><\/figure>\n\n\n\n<div class=\"wp-block-group alignwide is-vertical is-layout-flex wp-container-core-group-is-layout-fe9cc265 wp-block-group-is-layout-flex\">\n<p><strong><mark style=\"background-color:rgba(0, 0, 0, 0)\" class=\"has-inline-color has-contrast-color\"><strong>Eunice Tavares, abeltzain ekologikoa, Miranda arrazako astoen hazlea eta AGRITAD \u2013 Vila Real-eko arduraduna<\/strong><\/mark><\/strong><\/p>\n\n\n\n<p>Eunicek, 32 urteko emakumea, Lamegoko hirian jaio zen eta gaur egun Vila Realen bizi da. Vila Realeko unibertsitatean ikasten ari zela hasi zen nekazaritzan lan egiten. Esperientziarik gabe, 2011n hasi zen lurrak alokatuz eta Miranda arrazako astoak erosiz. Asto horiek ezinbestekoak izan ziren ikasketa prozesuan: \u201cGaur dakigun guztia haiek irakatsi digute.\u201d<\/p>\n\n\n\n<p>Astoekiko lotura emozionala du eta horrek zaildu egin dio kumeak saltzea: \u201cOilo-ipurdia ere jartzen zait astoen gainean hitz egiten dudanean, familiakoak bezalakoak dira.\u201d Gaur egun, bisita doakoak antolatzen dituzte baserrira, haur eta helduei helarazteko animalia hauen balioa. Denborarekin, beraien jarduera handitu eta Maronesa txahal-ekoizle bihurtu ziren, arraza autoktonoa, ekoizpen ekologiko ziurtatuarekin. Gaur egun, 50 bat abelburu dituzte, eta ganadu horretan espezializatutako tokiko nekazaritza-kooperatibari saltzen dizkiote.<\/p>\n\n\n\n<p>2016an, AGRITAD sortu zuen \u2013Tr\u00e1s-os-Montes eta Alto Douroko Nekazaritza Garapen eta Kudeaketarako Laguntza Elkartea, <a href=\"https:\/\/www.cna.pt\/\">CNAren<\/a> mendekoa. Honek nekazaritza lana elkarteko jardunarekin uztartzea ahalbidetu dio, nekazarien interesak defendatuz. Bere ustez, nekazari txikien eskubideen alde borrokatzea funtsezkoa da: \u201cNekazaria zarenean, errazagoa da gauzen alde borrokatzea, sentitzen duzulako.\u201d<\/p>\n\n\n\n<p>Emakumea izanik, erronka ugari ditu nekazaritzan: gaitasun fisikoaren gutxiespena \u2013 \u201cnola egin dezakezu lan nekazaritzan?\u201d \u2013 eta gizonezkoek nagusi diren sektorean bere balioa frogatzeko etengabeko beharra. \u201cEz gaituzte baloratzen, eta beti gizonezkoen atzetik goazela sentitzen dut,\u201d dio.<\/p>\n\n\n\n<p>Era berean, nekazari irudiari atxikitako estigma soziala kritikatzen du. Askotan, bere itxura zaindua eta azazkal garbiak zalantzan jartzen dizkiote, lursailarekin bateragarriak ez balira bezala. Eunicerentzat ikuspegi hori okerra da: \u201cEz dugu gutxiago merezi baserritarrak garelako.\u201d Nekazari batek bere burua zaintzeko eta bizitza duin bat izateko eskubidea duela dio, epaitu gabe itxuragatik edo ondasunengatik: \u201cNekazaria ere edozein pertsona bezalakoa da, eta zaindu beharrekoa.\u201d<\/p>\n\n\n\n<p>Eunicek nabarmendu du emakumeek beti izan dutela paper garrantzitsua Portugalen iparraldeko nekazaritzan: \u201cAgian ustiategien %90 edo gehiago emakumeek kudeatu izan dituzte, eta seguruenik oraindik ere hala da.\u201d Hala ere, laguntza eskaerak gehienetan gizonen izenean aurkezten dira. Emakume nekazari askok ez dute gizarte segurantzarik edo lan asegururik, babesgabe utziz. Elkartearen babesari esker, \u201cgauza batzuk aldatzea lortu dugu, baina zaila da, ez da lan erraza,\u201d onartzen du.<\/p>\n\n\n\n<p>Eunicek emakumeen autoestimua eta ikusgarritasuna aldarrikatzen ditu: \u201cGeure burua defendatzen ez badugu, itzalean amaitu ohi dugu, eta hori ez genuke sekula egin behar. Batzuetan apaltasun pixka bat galdu behar dugu.\u201d Emakume nekazariei dei egiten die beren lekua aldarrikatzeko, elkarrekin batzeko eta ahotsa hartzeko.<\/p>\n\n\n\n<p>Elkarteetan azken urteetan emakume gehiago sartu diren arren, uste du oraindik behar den baino presentzia txikiagoa dutela. \u201cBatzuetan gonbidatzen gaituzte egoteko bakarrik, edo derrigorrezkoa delako, baina emakumeak gara, eta hemen gaudenean, egon egiten gara, eta beraz, entzunak izan behar dugu eta gure iritzia eman behar dugu,\u201d dio.<\/p>\n\n\n\n<p>Ekoizpen metodoei dagokienez, praktika jasangarriak erabiltzen dituzte: ez dute herbizidarik edo intsektizidarik erabiltzen, eta barietate portuges eta tradizionalak lantzen dituzte. \u201cProduktu naturalagoak erabilita ekoitzi badezakegu, ez du zentzurik bestelakorik erabiltzea.\u201d Nahiz eta ekologiko ziurtagiria izan, Eunice-k adierazten du horrek ez diela bereizten merkatuan. Hala ere, printzipioen kontua dela dio, eta errentagarritasun txikiagoa izan arren, horri eusten diote. \u201cAzken batean, kontzientzia kontua da, eta kontuan hartzea besteei zer eskaintzen diegun,\u201d hausnartzen du.<\/p>\n\n\n\n<p>Eunicek Nekazaritza Ministerioaren eta nekazarien arteko harremana ere kritikatu du, esanez politiken errealitatetik urrun daudela, batez ere barnealdean eta iparraldean: \u201cMinisterioetan goian dauden jaunek\u2026 egiten den nekazaritzarekin ez dute zerikusirik.\u201d Azpimarratu du, laguntza ekonomikoak existitzen badira ere, horiei lotutako arauek ezinezko egiten dutela nekazari gehienek laguntza horiek eskuratu ahal izatea: \u201cAipatzen diren milioiak\u2026 handiengana baino ez dira iristen.\u201d<\/p>\n\n\n\n<p>Burokraziaren gehiegizko pisua salatzen du, eta uste du hartzen diren neurriek landa eremuen despopulazioa eta emigrazioa sustatzen dutela. Eunicek suteen inpaktu suntsitzailea aipatzen du, eta nola nekazaritza-jarduerak suteei aurrea hartzen lagundu dezakeen. Horren adibide dira 2024an Castro Dairen piztutako suteak: suteak soilik gelditu ziren nekazaritza eta artzaintza egiten zen tokietan.<\/p>\n\n\n\n<p>Nekazal Politika Bateratuari dagokionez (PAC), Eunicek uste du bertsio berriak kalte egin diela nekazari txikiei, batez ere gazteei. Laguntza gehiago agindu arren, exijentziek laguntzetara heltzea ezinezko bihurtzen dutela dio. Hori dela eta, gazte askok nekazaritza uztea erabaki dute: \u201cNekazaritzarekin jarraitu nahi zuten gazte asko genituen\u2026 orain esaten dute \u2018ez\u2019.\u201d<\/p>\n\n\n\n<p>Digitalizazio inposatua ere kritikatzen du, ez delako errealista landa eremu askotan ez baitago Internetik eta adineko nekazariek zailtasunak dituztelako teknologia horiek erabiltzeko.<\/p>\n\n\n\n<p>Beste arazo handi bat animalia basatien eragina da: otsoek eta basurdeek uztak suntsitzen dituzte eta abereak akabatzen dituzte. Otsoen eguneko erasoen kasuak salatzen ditu, eta onartezintzat jotzen du agintari arduradunek ez jardutea, leporatuz ICNF erakundeari (naturaren kontserbaziorako ardura duen erakundea) erantzukizuna transferitzea nekazarien elkarteei, benetako konponbiderik eman gabe.<\/p>\n\n\n\n<p>Azkenik, Eunicek Gobernuari dei egin dio elkarteak eta nekazari txikiak entzuteko eta abiatzeko barnealdeko eta iparraldeko nekazaritzaren biziraupena ahalbidetuko duten politikak, \u201ctradizioak, ohiturak, galtzen ari den ondarea\u201d baita. Bere hitzetan, \u201cona litzateke 2025ak aldaketa hori ekartzea eta tunelaren amaieran argi pixka bat ikustea,\u201d azken urteak ezegonkortasunez eta esperantzarik gabe markatuak izan baitira nekazarientzat.<\/p>\n\n\n\n<p>Eunicek nabarmendu du nekazarien balorazioan alde handia dagoela Portugal eta beste herrialde batzuen artean, hala nola Suitza edo Frantzia, non landa familiei egonkortasuna emateko laguntza handiagoa ematen zaien. Kritikatu egiten du beste leku batzuetako profesionalak bultzatzea landa eremura joatera, bertan bizi direnak ahaztuta, eta azpimarratzen du benetako laguntza ez dela dirua bakarrik, baizik eta zerbitzu oinarrizkoak eskaintzea, hala nola hezkuntza, garraioa eta osasuna.<\/p>\n\n\n\n<p>Bere iritziz, nekazaria izatea etengabeko borroka da oztopo askoren aurka: legeak, zergak, eguraldi txarra, eta baita lanbidea gutxiesten duten gizartearen aurreiritziak ere, azkenaldian nekazaria kriminalizatzeraino, suteen edo klima aldaketaren errudun bihurtuz. Bere ustez, beharrezkoa da nekazariek beren lanbidea aitortzeko eskatzea, harro sentitzea egiten dutenaz, borrokatuz \u201cdiru-laguntzen mende daudela\u201d esaten duen ideia horren aurka, haien lana funtsezkoa baita gizartearentzat eta jasotzen dutena \u201claguntza\u201d dela, ez \u201cdiru-laguntza\u201d. \u201cMundu guztiak daki nekazaritza jarduera ez dela oso errentagarria, edo oso gogorra dela,\u201d eta \u201cgu gara jendearen mahaian jakiak jartzen ditugunak, gu gabe ez dago ezer,\u201d amaitzen du.<\/p>\n<\/div>\n\n\n\n<!--nextpage-->\n\n\n\n<figure class=\"wp-block-image size-full\"><img loading=\"lazy\" decoding=\"async\" width=\"881\" height=\"603\" src=\"https:\/\/feed4justice.ces.uc.pt\/wp-content\/uploads\/2025\/02\/1-e1739364320279.png\" alt=\"\" class=\"wp-image-1582\" srcset=\"https:\/\/feed4justice.ces.uc.pt\/wp-content\/uploads\/2025\/02\/1-e1739364320279.png 881w, https:\/\/feed4justice.ces.uc.pt\/wp-content\/uploads\/2025\/02\/1-e1739364320279-300x205.png 300w, https:\/\/feed4justice.ces.uc.pt\/wp-content\/uploads\/2025\/02\/1-e1739364320279-768x526.png 768w\" sizes=\"auto, (max-width: 881px) 100vw, 881px\" \/><\/figure>\n\n\n\n<div class=\"wp-block-group alignwide is-vertical is-layout-flex wp-container-core-group-is-layout-fe9cc265 wp-block-group-is-layout-flex\">\n<p><strong><mark style=\"background-color:rgba(0, 0, 0, 0)\" class=\"has-inline-color has-contrast-color\"><strong>Maria da Visita\u00e7\u00e3o, nekazari agroekologikoa eta PROVEko kidea, nekazari txikian oinarritutako saski-sistema \u2013 Aiana de Cima, Sesimbra, Set\u00fabal<\/strong><\/mark><\/strong><\/p>\n\n\n\n<p>82 urteko Maria da Visita\u00e7\u00e3o Algarven jaio zen, eta txikitatik lotura estua izan du nekazaritzarekin, bere aitona-amonen eta aitaren bidez, guztiak nekazariak baitziren. Oroimenean gorde du nola hautatzen zituzten hazi onenak hurrengo uzta jasotzeko: \u201cNire amonak gari onenak, ilar onenak, ale onenak hautatzen zituen, dena hurrengoan ereiteko. Horrelakoak ez dira ahazten.\u201d<\/p>\n\n\n\n<p>15 urterekin Barreiroko industria-hirira iritsi zen eta urte asko egin zituen han, kutsadura handiko eremu batean. Horrek bere osasunean eragin zuen. 50 urte ingururekin, erabaki zuen nekazaritza ekologikoa lantzea Sesimbrako <a href=\"https:\/\/www.prove.com.pt\/www\/sk-pub-produtores.php?PRDID=186\">Quinta dos Medronheiros-en<\/a>. Osasun arrazoiengatik piztu zitzaion produktu kimikorik gabeko laboreekiko interesa, eta bere semearen eraginez ere bai \u2013hark jarraitzen du gaur egun ere landatzen.<\/p>\n\n\n\n<p>Hasieratik, gehiago ikasteko gogoa izan zuen Mariak,<a href=\"https:\/\/agrobio.pt\/\"> Agrobio<\/a> elkarteko bazkide egin zen \u2013nekazaritza ekologikoaren alde lan egiten duen elkartea\u2013 eta hainbat ikastaro egin zituen. Dendetan saltzen hasi zen, baina zailtasunak izan zituen: \u201cFrutak akats txikiren bat bazuen, ez zuten nahi; intsekturen baten ziztada bazuen, ez zuten nahi.\u201d Azoketara eta merkatuetara joaten hasi zen, eta beste ekoizle batzuengandik honelakoak entzuten zituen: \u201cNirea da naturala dena. Hori ekologikoa da, ez zaio inori axola.\u201d<\/p>\n\n\n\n<p>Nekazaritza ekologikoarekiko konpromisoak <a href=\"https:\/\/www.prove.com.pt\/www\/\">PROVE<\/a> proiektuan parte hartzera eraman zuen \u2013duela 20 urte sortu zenetik bertatik\u2013, nekazaritza txikiko produktuen salmenta zuzena sustatzen duen saski-sistema. Lehen bilerak gogoratzen ditu, 30 eta 40 nekazari artean elkartzen ziren: \u201cInork ez zuen elkartu nahi izan, ni eta beste hiru emakume izan ginen bakarrak.\u201d Lau emakumek jarri zuten abian PROVE eta lehen urteetan sustatu zuten. Geroago, ekimenaren arrakasta ikusita, gero eta ekoizle gehiago batu ziren.<\/p>\n\n\n\n<p>Maria da Visita\u00e7\u00e3ok aurreiritziei egin behar izan zien aurre emakumea izateagatik eta nekazaritza ekologikoa lantzeagatik. \u201cSorgina\u201d deitzen zioten eta \u201csektetan\u201d sartuta egotearen salaketak jaso zituen. Zailtasunak zailtasun, bere horretan jarraitu zuen: \u201cInoiz ez nion ezeri uko egin.\u201d<\/p>\n\n\n\n<p>Nabarmendu du emakumeek duten presentzia nekazaritza jasangarriaren aldeko mugimenduan: \u201cEmakumeak amak dira, sortzaileak. Eta gauza asko gainditzeko gaitasuna dute.\u201d Bere ustez, emakumeek erresilientzia handiagoa eta egokitzeko gaitasun handiagoa erakusten dute krisialdietan bereziki. Emakume askok funtsezko eginkizuna betetzen dute landaketan, haziak hautatzen eta lurra zaintzen.<\/p>\n\n\n\n<p>PROVEren bidez salmenta zuzena egiteak harreman estuagoa sortu du kontsumitzaileekin, eta hori oso baliotsua iruditzen zaio Mariari: \u201cDuela 30 urteko bezeroak ditut eta orain euren seme-alabak eta bilobak ekartzen dituzte.\u201d Harreman hori komertzialaz haratago doa, konfiantza-loturak eta balio partekatuak sortuz. Gaur egun, harro sentitzen bere ibilbidearekin, eta pozik dago PROVEko kide izateagatik: \u201cOna da bizitzaren, nekazaritzaren eta ingurumenaren zaintzaren zentzu bera duen jende asko ezagutzea.\u201d<\/p>\n\n\n\n<p>Bere lanaren beste alderdi funtsezko bat hazi tradizionalen kontserbazioa da. Barietate zaharrak erabiltzen ditu, batzuk bere sorterritik ekarriak, sinesten duelako biodibertsitatearen garrantzian: \u201cEz badugu zaintzen, zer geldituko da etorriko direnentzat? Ezer ez.\u201d <a href=\"https:\/\/colherparasemear.wordpress.com\/\">Colher para Semear <\/a>elkarteko partaide aktiboa da, nezkazaritza-ondarea babesten duen elkartea.<\/p>\n\n\n\n<p>Azpimarratu du nekazaritza ekologikoa oraindik ez dela behar bezala baloratzen, baina horrek ez dio axola: \u201cOndo sentitzen naiz neure buruarekin, gauzak egiteko dudan moduarekin.\u201d Uste du prestakuntza gehiago behar dela, inguruko nekazari askok ez dituztelako ezagutzen praktika jasangarriak. Nekazaritza konbentzionalekoek gehiegi eta gaizki erabiltzen dituzte produktu kimikoak, ingurumenari eta osasunari kalte eginez.<\/p>\n\n\n\n<p>Maria da Visita\u00e7\u00e3ok dio agintariek nekazaritza intentsiboa bakarrik babesten dutela. Nekazari txikientzako pizgarririk eza ere aipatzen du eta burokrazia kritikatzen du.<\/p>\n\n\n\n<p>Etorkizunerako, Maria da Visita\u00e7\u00e3ok nekazaritza jasangarriagoa eta produktu kimikoen mendekotasun txikiagoa nahi du. \u201cEdan dezakegun ura garbi egon dadin, arnasa hartu dezakegun airea garbia izan dadin, gure seme-alabek eta bilobek bizirik iraun dezaten.\u201d Bere lanaz harro dago eta nekazariei eskatzen die beren lanaz lotsarik gabe harro egoteko, \u201cesku zikinekin eta arropa zikinekin, zeren besteen ongizatean pentsatzen ez duen jendearen burua da zikin dagoena.\u201d Nekazaria izatea \u201cmespretxatuta dagoen lanbidea da, baina funtsezkoa. Ez dago lurretik ez datorren ezer. Daukagun guztia lurretik dator.\u201d<\/p>\n<\/div>\n\n\n\n<!--nextpage-->\n\n\n\n<figure class=\"wp-block-image size-large is-resized\"><img loading=\"lazy\" decoding=\"async\" width=\"1024\" height=\"863\" src=\"https:\/\/feed4justice.ces.uc.pt\/wp-content\/uploads\/2024\/11\/Aurora-1024x863.jpg\" alt=\"\" class=\"wp-image-301\" style=\"width:620px;height:auto\" srcset=\"https:\/\/feed4justice.ces.uc.pt\/wp-content\/uploads\/2024\/11\/Aurora-1024x863.jpg 1024w, https:\/\/feed4justice.ces.uc.pt\/wp-content\/uploads\/2024\/11\/Aurora-300x253.jpg 300w, https:\/\/feed4justice.ces.uc.pt\/wp-content\/uploads\/2024\/11\/Aurora-768x647.jpg 768w, https:\/\/feed4justice.ces.uc.pt\/wp-content\/uploads\/2024\/11\/Aurora.jpg 1257w\" sizes=\"auto, (max-width: 1024px) 100vw, 1024px\" \/><\/figure>\n\n\n\n<div class=\"wp-block-group alignwide is-vertical is-layout-flex wp-container-core-group-is-layout-fe9cc265 wp-block-group-is-layout-flex\">\n<p><strong><mark style=\"background-color:rgba(0, 0, 0, 0)\" class=\"has-inline-color has-contrast-color\"><strong>Aurora Silva, nekazaria eta Arcas de Covelinhas eta UMAR Viseu elkarteen sortzailea \u2013 Covelinhas, S. Pedro do Sul, Viseu<\/strong><\/mark><\/strong><\/p>\n\n\n\n<p>Aurora Covelinhas herrian jaio, hazi eta bizi izan da beti, S\u00e3o Mac\u00e1rio eta Montemuro mendien artean, Laf\u00f5es eskualdean. Covelinhas S\u00e3o Martinho das Moitas parrokiaren parte da, S\u00e3o Pedro do Sul udalerrian, Viseuko barrutian.<\/p>\n\n\n\n<p>2017ko abuztuan, Aurorak, herriko beste zenbait lagunekin batera, <a href=\"https:\/\/www.facebook.com\/ARCASdeCovelinhas\/?locale=pt_PT\">Arcas de Covelinhas Elkartea<\/a> sortu zuen. Kide da, eta beste emakume batzuekin elkarlanean, \u201cartilearen zikloarekin\u201d lotutako hezkuntza-jarduerak antolatzen ditu. Jarduera horien helburua ez da bakarrik produktuak saltzea, baizik eta tradizio zahar hori mantentzea eta transmititzea.<\/p>\n\n\n\n<p>Aurora <a href=\"https:\/\/fragasaveloso.pt\/\">Fragas Aveloso Elkartearen<\/a> <a href=\"https:\/\/pt-pt.facebook.com\/projetogiesta\/\">proiektuetan<\/a> ere parte hartzen du, ingurumen- eta feminismo-gaietan ardaztutako garapen lokaleko erakundea baita, eta UMAR Viseu elkartean ere bai, Viseu hirian presentzia duen emakumeen eskubideen aldeko nazio mailako elkarte feministan. Ekimen horiek, eskualdeko landa-eremuetako emakumeei zuzenduak, helburu dute metodologia partehartzaileen bidez komunitate-ekintza sustatzea eta ikusgarritasuna ematea emakumeen lanari eta jakintzari.<\/p>\n\n\n\n<p>Ekintza horien ondorioz, Viseu eta Guarda barrutietako landa-eremuetako emakumeek onartu zuten <a href=\"https:\/\/www.facebook.com\/photo\/?fbid=737185651770287&amp;set=a.581121044043416\">Landa-eremuetako emakumeen eskubideen aldeko manifestu bat<\/a>, 2023ko urriaren 15ean, Landa-eremuko Emakumearen Nazioarteko Egunean, eta urtebete geroago aurkeztu zuten publikoaren aurrean.<\/p>\n\n\n\n<p>Aurora betidanik egon da lurrari lotuta: \u201cBeti egin dut nekazaritza-lana\u201d. Beste lan batzuk izan zituen arren, inoiz ez zionn uzta lantzeari utzi bere familia zabala mantentzeko. Bere familiarentzat, \u201cmerkatua nire mendia da, nire etxea\u201d. Bizilagunekin partekatzen du etxeko kontsumoa gainditzen duena, eta gutxitan saltzen ditu produktuak. Baratze bat lantzen du eta animalia batzuk hazten ditu, baina orain eskala txikiagoan, osasun-arazoengatik. &#8220;Nire bizitza lurra lantzea izan da beti&#8221;.&nbsp;<\/p>\n\n\n\n<p>Bere amaren eskutik jasotako metodo tradizionalak jarraitzen ditu: bere haziak erabiltzen ditu, salbu eta ezinbestean erosi behar dituenean, eta animalien simaurra erabiltzen du ongarri gisa. Urteotan izan duen aldaketa nagusia traktorearen erabilera izan da, lanak errazteko. Produktu kimikoak saihestu egiten ditu, patataren kakalardoa bezalako izurrite batzuk kontrolatzeko kasuetan izan ezik.<\/p>\n\n\n\n<p>Landa-lanak eta etxeko lanak berak egiten ditu: \u201cEz baitut inor horretarako\u201d. Etxaldeko lanak senarrarekin partekatzen ditu: biak arduratzen dira animaliez, baina zereginen banaketa bakoitzaren ahalmenaren arabera egiten dute. \u201cNi gehiago aritzen naiz baratzean. Lurra gogorra dagoenean, senarra joaten da. Baina lurra bildu, ureztatu edo uztak jaso behar direnean, ni joaten naiz\u201d. Orain, erretiratuta daudenez, gutxiago lantzen dute lurra: \u201cEzin da beti lanaren esklabo izan\u201d.<\/p>\n\n\n\n<p>Aurorak gogoan du garai bateko emakumeek zuten lan-zama ikaragarria: \u201cOso esklabuak ziren\u201d. Lurrean eta etxean aritzen ziren, lastoa edo artoa buruan eramaten zuten, urruneko baserrietara joaten ziren uztak biltzera edo ureztatzera, eta etxeko animaliez eta lan guztiez ere arduratzen ziren. Oso txikitatik laguntzen zion bere amari: \u201cBazkaria prestatzen nuen eta oinez eramaten nion landara, ordu bateko bidea eginez\u201d. Emakumeek \u201cgoizetik gauera\u201d egiten zuten lan, eta esleitzen zitzaizkien lanez ere arduratzen ziren, aitzurra edo ongarria kasu. Lan hori maiz auzokoen arteko laguntza gisa egiten zen, ordainsaririk gabe.<\/p>\n\n\n\n<p>Aurorak 1970eko hamarkadaren amaieran bakarrik egin zuen lan \u201cjornalean\u201d, erretxinan, oso gustuko zuen lanean. Hala ere, gogoratzen du \u201cgizonek gehiago kobratzen zutela emakumeek baino\u201d, \u201cnahiz eta haien lana arinagoa izan\u201d.<\/p>\n\n\n\n<p>Aurorak oso positibotzat jotzen ditu UMAR Viseuk antolatutako jarduerak: \u201cGustatzen zait, ikasteko eta gauza batzuk ulertzeko aukera ematen didalako\u201d. Onartzen du beti herrian bizi izan dela eta mundu gutxi ezagutu duela, eta horrelako ekimenek aukera ematen diotela beste pertsona batzuekin harremanak izateko eta ikuspegia zabaltzeko.<\/p>\n\n\n\n<p>Politika publikoen inguruan, Auroraren ustez herrian garraio falta handia dago. Gidatzen ez duenez, senarraren menpe dago joan-etorrietarako, eta horrek bere autonomia mugatzen du. Osasun-zentrorako sarbidearen gabezia ere salatzen du: \u201cIritsi eta ez dago hitzordurik, eta bueltatu behar dugu bide beretik\u201d. Beste arazo bat gazteak herrian mantentzeko politikaren falta da, gero eta zaharragoa eta txikiagoa baita biztanleria.<\/p>\n<\/div>\n","protected":false},"excerpt":{"rendered":"<p>Maite Aristegi, baserritarra, abokatua, EHNE nekazari sindikatuko idazkari nagusi ohia (1997-2002), eta Espainiako Kongresuko diputatu ohia euskal ezker subiranistaren ordezkari gisa (2011-2015) \u2013 Bergara, Gipuzkoa Maite, Lama\u00f1o Etxeberri baserrian jaio eta hazi zen. Txikitatik laguntzen zuen nekazaritza lanetan, amarekin batera esnea eta barazkiak saltzen zituen, eta bertan ikasi zuen ondo egindako lanaren balioa, baita lurra [&hellip;]<\/p>\n","protected":false},"author":2,"featured_media":0,"parent":0,"menu_order":0,"comment_status":"closed","ping_status":"closed","template":"","meta":{"footnotes":""},"class_list":["post-1909","page","type-page","status-publish","hentry"],"_links":{"self":[{"href":"https:\/\/feed4justice.ces.uc.pt\/index.php?rest_route=\/wp\/v2\/pages\/1909","targetHints":{"allow":["GET"]}}],"collection":[{"href":"https:\/\/feed4justice.ces.uc.pt\/index.php?rest_route=\/wp\/v2\/pages"}],"about":[{"href":"https:\/\/feed4justice.ces.uc.pt\/index.php?rest_route=\/wp\/v2\/types\/page"}],"author":[{"embeddable":true,"href":"https:\/\/feed4justice.ces.uc.pt\/index.php?rest_route=\/wp\/v2\/users\/2"}],"replies":[{"embeddable":true,"href":"https:\/\/feed4justice.ces.uc.pt\/index.php?rest_route=%2Fwp%2Fv2%2Fcomments&post=1909"}],"version-history":[{"count":10,"href":"https:\/\/feed4justice.ces.uc.pt\/index.php?rest_route=\/wp\/v2\/pages\/1909\/revisions"}],"predecessor-version":[{"id":2049,"href":"https:\/\/feed4justice.ces.uc.pt\/index.php?rest_route=\/wp\/v2\/pages\/1909\/revisions\/2049"}],"wp:attachment":[{"href":"https:\/\/feed4justice.ces.uc.pt\/index.php?rest_route=%2Fwp%2Fv2%2Fmedia&parent=1909"}],"curies":[{"name":"wp","href":"https:\/\/api.w.org\/{rel}","templated":true}]}}