{"id":256,"date":"2024-11-09T13:50:19","date_gmt":"2024-11-09T13:50:19","guid":{"rendered":"https:\/\/feed4justice.ces.uc.pt\/?page_id=256"},"modified":"2025-06-16T11:10:54","modified_gmt":"2025-06-16T11:10:54","slug":"team","status":"publish","type":"page","link":"https:\/\/feed4justice.ces.uc.pt\/?page_id=256","title":{"rendered":""},"content":{"rendered":"\n<div class=\"wp-block-media-text alignwide is-stacked-on-mobile\" style=\"grid-template-columns:28% auto\"><figure class=\"wp-block-media-text__media\"><img loading=\"lazy\" decoding=\"async\" width=\"400\" height=\"270\" src=\"https:\/\/feed4justice.ces.uc.pt\/wp-content\/uploads\/2024\/08\/Rita-Calvario.jpg\" alt=\"\" class=\"wp-image-48 size-full\" srcset=\"https:\/\/feed4justice.ces.uc.pt\/wp-content\/uploads\/2024\/08\/Rita-Calvario.jpg 400w, https:\/\/feed4justice.ces.uc.pt\/wp-content\/uploads\/2024\/08\/Rita-Calvario-300x203.jpg 300w\" sizes=\"auto, (max-width: 400px) 100vw, 400px\" \/><\/figure><div class=\"wp-block-media-text__content\">\n<p>Rita Calv\u00e1rio is a researcher at DIN\u00c2MIA&#8217;CET-Iscte and a collaborative researcher at the Centre for Social Studies, University of Coimbra. Her research combines political ecology and feminist perspectives to study the (re)production of inequalities in food systems, agrarian change, and peasant social movements, with a focus on Southern Europe. She is&nbsp;a member of&nbsp;<a href=\"https:\/\/undisciplinedenvironments.org\/\">Undisciplined Environments Collective<\/a>.<\/p>\n<\/div><\/div>\n\n\n\n<div class=\"wp-block-media-text alignwide is-stacked-on-mobile\" style=\"grid-template-columns:28% auto\"><figure class=\"wp-block-media-text__media\"><img loading=\"lazy\" decoding=\"async\" width=\"800\" height=\"600\" src=\"https:\/\/feed4justice.ces.uc.pt\/wp-content\/uploads\/2024\/08\/cabana-iglesias-edited.jpg\" alt=\"\" class=\"wp-image-50 size-full\" srcset=\"https:\/\/feed4justice.ces.uc.pt\/wp-content\/uploads\/2024\/08\/cabana-iglesias-edited.jpg 800w, https:\/\/feed4justice.ces.uc.pt\/wp-content\/uploads\/2024\/08\/cabana-iglesias-edited-300x225.jpg 300w, https:\/\/feed4justice.ces.uc.pt\/wp-content\/uploads\/2024\/08\/cabana-iglesias-edited-768x576.jpg 768w\" sizes=\"auto, (max-width: 800px) 100vw, 800px\" \/><\/figure><div class=\"wp-block-media-text__content\">\n<p>Ana Cabana Iglesia is an Associate Professor at the University of Santiago de Compostela. She is an agrarian historian, focusing on: Social attitudes during Francoism; Agrarian policies and processes of change in contemporary rural Spain; Socio-environmental conflict in the 20th century; Commons; Rural Women\u2019s history. She is a member of&nbsp;<a href=\"https:\/\/histagra.usc.es\/es\">Histagra<\/a>.<\/p>\n<\/div><\/div>\n\n\n\n<div class=\"wp-block-media-text alignwide is-stacked-on-mobile\" style=\"grid-template-columns:28% auto\"><figure class=\"wp-block-media-text__media\"><img loading=\"lazy\" decoding=\"async\" width=\"243\" height=\"182\" src=\"https:\/\/feed4justice.ces.uc.pt\/wp-content\/uploads\/2024\/08\/download-1-edited.jpeg\" alt=\"\" class=\"wp-image-52 size-full\"\/><\/figure><div class=\"wp-block-media-text__content\">\n<p>Joseba Azkarraga is a permanent lecturer in Sociology at the University of the Basque Country. His research focuses on community and socio-ecological resilience, the cultural dimensions of food sovereignty and agroecology, and the links between subjectivity and post-growth. She is a member of&nbsp;<a href=\"https:\/\/ekopol.eus\/\">EKOPOL<\/a>.<\/p>\n<\/div><\/div>\n\n\n\n<!--nextpage-->\n\n\n\n<div class=\"wp-block-media-text alignwide is-stacked-on-mobile\" style=\"grid-template-columns:28% auto\"><figure class=\"wp-block-media-text__media\"><img loading=\"lazy\" decoding=\"async\" width=\"400\" height=\"270\" src=\"https:\/\/feed4justice.ces.uc.pt\/wp-content\/uploads\/2024\/08\/Rita-Calvario.jpg\" alt=\"\" class=\"wp-image-48 size-full\" srcset=\"https:\/\/feed4justice.ces.uc.pt\/wp-content\/uploads\/2024\/08\/Rita-Calvario.jpg 400w, https:\/\/feed4justice.ces.uc.pt\/wp-content\/uploads\/2024\/08\/Rita-Calvario-300x203.jpg 300w\" sizes=\"auto, (max-width: 400px) 100vw, 400px\" \/><\/figure><div class=\"wp-block-media-text__content\">\n<p>Rita Calv\u00e1rio \u00e9 investigadora do DIN\u00c2MIA&#8217;CET-Iscte e investigadora colaboradora do Centro de Estudos Sociais, da Universidade de Coimbra. A sua investiga\u00e7\u00e3o combina a ecologia pol\u00edtica e perspectivas feministas para estudar a (re)produ\u00e7\u00e3o de desigualdades nos sistemas alimentares, as mudan\u00e7as agr\u00e1rias e os movimentos sociais camponeses, com enfoque no Sul da Europa. \u00c9 membro de coletivo <a href=\"https:\/\/undisciplinedenvironments.org\/\">Undisciplined Environments Collective<\/a>.<\/p>\n<\/div><\/div>\n\n\n\n<div class=\"wp-block-media-text alignwide is-stacked-on-mobile\" style=\"grid-template-columns:28% auto\"><figure class=\"wp-block-media-text__media\"><img loading=\"lazy\" decoding=\"async\" width=\"800\" height=\"600\" src=\"https:\/\/feed4justice.ces.uc.pt\/wp-content\/uploads\/2024\/08\/cabana-iglesias-edited.jpg\" alt=\"\" class=\"wp-image-50 size-full\" srcset=\"https:\/\/feed4justice.ces.uc.pt\/wp-content\/uploads\/2024\/08\/cabana-iglesias-edited.jpg 800w, https:\/\/feed4justice.ces.uc.pt\/wp-content\/uploads\/2024\/08\/cabana-iglesias-edited-300x225.jpg 300w, https:\/\/feed4justice.ces.uc.pt\/wp-content\/uploads\/2024\/08\/cabana-iglesias-edited-768x576.jpg 768w\" sizes=\"auto, (max-width: 800px) 100vw, 800px\" \/><\/figure><div class=\"wp-block-media-text__content\">\n<p>Ana Cabana Iglesia \u00e9 Professora Associada na Universidade de Santiago de Compostela. \u00c9 historiadora agr\u00e1ria, com especial incid\u00eancia em: Atitudes sociais durante o franquismo; Pol\u00edticas agr\u00e1rias e processos de mudan\u00e7a na Espanha rural contempor\u00e2nea; Conflitos socioambientais no s\u00e9culo XX; Bens Comuns; Hist\u00f3ria das Mulheres Rurais. \u00c9 membro do grupo de investiga\u00e7\u00e3o&nbsp;<a href=\"https:\/\/histagra.usc.es\/es\">Histagra<\/a>.<\/p>\n<\/div><\/div>\n\n\n\n<div class=\"wp-block-media-text alignwide is-stacked-on-mobile\" style=\"grid-template-columns:28% auto\"><figure class=\"wp-block-media-text__media\"><img loading=\"lazy\" decoding=\"async\" width=\"243\" height=\"168\" src=\"https:\/\/feed4justice.ces.uc.pt\/wp-content\/uploads\/2024\/08\/download-1-e1746691496965.jpeg\" alt=\"\" class=\"wp-image-51 size-full\"\/><\/figure><div class=\"wp-block-media-text__content\">\n<p>Joseba Azkarraga \u00e9 professor permanente de Sociologia na Universidade do Pa\u00eds Basco. A sua investiga\u00e7\u00e3o centra-se na resili\u00eancia comunit\u00e1ria e socioecol\u00f3gica, nas dimens\u00f5es culturais da soberania alimentar e da agroecologia e nas rela\u00e7\u00f5es entre subjetividade e p\u00f3s-crescimento. \u00c9 membro do grupo de investiga\u00e7\u00e3o&nbsp;<a href=\"https:\/\/ekopol.eus\/\">EKOPOL<\/a>.<\/p>\n<\/div><\/div>\n\n\n\n<!--nextpage-->\n\n\n\n<div class=\"wp-block-media-text alignwide is-stacked-on-mobile\" style=\"grid-template-columns:28% auto\"><figure class=\"wp-block-media-text__media\"><img loading=\"lazy\" decoding=\"async\" width=\"400\" height=\"270\" src=\"https:\/\/feed4justice.ces.uc.pt\/wp-content\/uploads\/2024\/08\/Rita-Calvario.jpg\" alt=\"\" class=\"wp-image-48 size-full\" srcset=\"https:\/\/feed4justice.ces.uc.pt\/wp-content\/uploads\/2024\/08\/Rita-Calvario.jpg 400w, https:\/\/feed4justice.ces.uc.pt\/wp-content\/uploads\/2024\/08\/Rita-Calvario-300x203.jpg 300w\" sizes=\"auto, (max-width: 400px) 100vw, 400px\" \/><\/figure><div class=\"wp-block-media-text__content\">\n<p>Rita Calv\u00e1rio es investigadora en DIN\u00c2MIA-Iscte e investigadora colaboradora en el Centro de Estudios Sociales de la Universidad de Coimbra. Su investigaci\u00f3n combina la ecolog\u00eda pol\u00edtica y las perspectivas feministas para estudiar la (re)producci\u00f3n de desigualdades en los sistemas alimentarios, el cambio agrario y los movimientos sociales campesinos, con especial atenci\u00f3n al sur de Europa. Es miembro del <a href=\"https:\/\/undisciplinedenvironments.org\/\">Undisciplined Environments Collective<\/a>.<\/p>\n<\/div><\/div>\n\n\n\n<div class=\"wp-block-media-text alignwide is-stacked-on-mobile\" style=\"grid-template-columns:28% auto\"><figure class=\"wp-block-media-text__media\"><img loading=\"lazy\" decoding=\"async\" width=\"800\" height=\"600\" src=\"https:\/\/feed4justice.ces.uc.pt\/wp-content\/uploads\/2024\/08\/cabana-iglesias-edited.jpg\" alt=\"\" class=\"wp-image-50 size-full\" srcset=\"https:\/\/feed4justice.ces.uc.pt\/wp-content\/uploads\/2024\/08\/cabana-iglesias-edited.jpg 800w, https:\/\/feed4justice.ces.uc.pt\/wp-content\/uploads\/2024\/08\/cabana-iglesias-edited-300x225.jpg 300w, https:\/\/feed4justice.ces.uc.pt\/wp-content\/uploads\/2024\/08\/cabana-iglesias-edited-768x576.jpg 768w\" sizes=\"auto, (max-width: 800px) 100vw, 800px\" \/><\/figure><div class=\"wp-block-media-text__content\">\n<p>Ana Cabana Iglesia es Profesora Titular de la Universidad de Santiago de Compostela. Es historiadora agraria con especial inter\u00e9s en: Actitudes sociales durante el franquismo; Pol\u00edticas agrarias y procesos de cambio en la Espa\u00f1a rural contempor\u00e1nea; Conflictos socioambientales en el siglo XX; Bienes comunes; Historia de la mujer rural. Es miembro del grupo de investigaci\u00f3n&nbsp;<a href=\"https:\/\/histagra.usc.es\/es\">Histagra<\/a>.<\/p>\n<\/div><\/div>\n\n\n\n<div class=\"wp-block-media-text alignwide is-stacked-on-mobile\" style=\"grid-template-columns:28% auto\"><figure class=\"wp-block-media-text__media\"><img loading=\"lazy\" decoding=\"async\" width=\"243\" height=\"168\" src=\"https:\/\/feed4justice.ces.uc.pt\/wp-content\/uploads\/2024\/08\/download-1-e1746691496965.jpeg\" alt=\"\" class=\"wp-image-51 size-full\"\/><\/figure><div class=\"wp-block-media-text__content\">\n<p>Joseba Azkarraga es Profesor permanente de Sociolog\u00eda en la \u00a0Universidad del Pa\u00eds Vasco. Su investigaci\u00f3n se centra en la \u00a0resiliencia comunitaria y socioecol\u00f3gica, las dimensiones culturales \u00a0de la soberan\u00eda alimentaria y la agroecolog\u00eda, y los v\u00ednculos entre \u00a0subjetividad y poscrecimiento. Es miembro de\u00a0<a href=\"https:\/\/ekopol.eus\/\">EKOPOL<\/a>.<\/p>\n<\/div><\/div>\n\n\n\n<!--nextpage-->\n\n\n\n<div class=\"wp-block-media-text alignwide is-stacked-on-mobile\" style=\"grid-template-columns:28% auto\"><figure class=\"wp-block-media-text__media\"><img loading=\"lazy\" decoding=\"async\" width=\"400\" height=\"270\" src=\"https:\/\/feed4justice.ces.uc.pt\/wp-content\/uploads\/2024\/08\/Rita-Calvario.jpg\" alt=\"\" class=\"wp-image-48 size-full\" srcset=\"https:\/\/feed4justice.ces.uc.pt\/wp-content\/uploads\/2024\/08\/Rita-Calvario.jpg 400w, https:\/\/feed4justice.ces.uc.pt\/wp-content\/uploads\/2024\/08\/Rita-Calvario-300x203.jpg 300w\" sizes=\"auto, (max-width: 400px) 100vw, 400px\" \/><\/figure><div class=\"wp-block-media-text__content\">\n<p>Rita Calv\u00e1rio \u00e9 investigadora en DIN\u00c2MIA-Iscte e investigadora colaboradora no Centro de Estudos Sociais da Universidade de Coimbra. A s\u00faa investigaci\u00f3n combina a ecolox\u00eda pol\u00edtica e as perspectivas feministas para estudar a (re)produci\u00f3n de desigualdades nos sistemas alimentarios, o cambio agrario e os movementos sociais campesi\u00f1os, con especial atenci\u00f3n ao sur de Europa. \u00c9 membro do <a href=\"https:\/\/undisciplinedenvironments.org\/\">Undisciplined Environments Collective<\/a>.<\/p>\n<\/div><\/div>\n\n\n\n<div class=\"wp-block-media-text alignwide is-stacked-on-mobile\" style=\"grid-template-columns:28% auto\"><figure class=\"wp-block-media-text__media\"><img loading=\"lazy\" decoding=\"async\" width=\"800\" height=\"600\" src=\"https:\/\/feed4justice.ces.uc.pt\/wp-content\/uploads\/2024\/08\/cabana-iglesias-edited.jpg\" alt=\"\" class=\"wp-image-50 size-full\" srcset=\"https:\/\/feed4justice.ces.uc.pt\/wp-content\/uploads\/2024\/08\/cabana-iglesias-edited.jpg 800w, https:\/\/feed4justice.ces.uc.pt\/wp-content\/uploads\/2024\/08\/cabana-iglesias-edited-300x225.jpg 300w, https:\/\/feed4justice.ces.uc.pt\/wp-content\/uploads\/2024\/08\/cabana-iglesias-edited-768x576.jpg 768w\" sizes=\"auto, (max-width: 800px) 100vw, 800px\" \/><\/figure><div class=\"wp-block-media-text__content\">\n<p>Ana Cabana Iglesia \u00e9 profesora titular da Universidade de Santiago de Compostela. \u00c9 historiadora agraria con especial interese en: Actitudes sociais durante o franquismo; Pol\u00edticas agrarias e procesos de cambio na Espa\u00f1a rural contempor\u00e1nea; Conflitos socioambientais no s\u00e9culo XX; Bens com\u00fans; Historia da muller rural. \u00c9 membro do grupo de investigaci\u00f3n&nbsp;<a href=\"https:\/\/histagra.usc.es\/es\">Histagra<\/a>.<\/p>\n<\/div><\/div>\n\n\n\n<div class=\"wp-block-media-text alignwide is-stacked-on-mobile\" style=\"grid-template-columns:28% auto\"><figure class=\"wp-block-media-text__media\"><img loading=\"lazy\" decoding=\"async\" width=\"243\" height=\"168\" src=\"https:\/\/feed4justice.ces.uc.pt\/wp-content\/uploads\/2024\/08\/download-1-e1746691496965.jpeg\" alt=\"\" class=\"wp-image-51 size-full\"\/><\/figure><div class=\"wp-block-media-text__content\">\n<p>Joseba Azkarraga \u00e9 profesor permanente de Sociolox\u00eda na Universidade do Pa\u00eds Vasco. A s\u00faa investigaci\u00f3n c\u00e9ntrase na resiliencia comunitaria e socioecol\u00f3xica, nas dimensi\u00f3ns culturais da soberan\u00eda alimentaria e da agroecolox\u00eda, e nos v\u00ednculos entre subxectividade e poscrecemento. \u00c9 membro de&nbsp;&nbsp;<a href=\"https:\/\/ekopol.eus\/\">EKOPOL<\/a>.<\/p>\n<\/div><\/div>\n\n\n\n<!--nextpage-->\n\n\n\n<div class=\"wp-block-media-text alignwide is-stacked-on-mobile\" style=\"grid-template-columns:28% auto\"><figure class=\"wp-block-media-text__media\"><img loading=\"lazy\" decoding=\"async\" width=\"400\" height=\"270\" src=\"https:\/\/feed4justice.ces.uc.pt\/wp-content\/uploads\/2024\/08\/Rita-Calvario.jpg\" alt=\"\" class=\"wp-image-48 size-full\" srcset=\"https:\/\/feed4justice.ces.uc.pt\/wp-content\/uploads\/2024\/08\/Rita-Calvario.jpg 400w, https:\/\/feed4justice.ces.uc.pt\/wp-content\/uploads\/2024\/08\/Rita-Calvario-300x203.jpg 300w\" sizes=\"auto, (max-width: 400px) 100vw, 400px\" \/><\/figure><div class=\"wp-block-media-text__content\">\n<p>Rita Calv\u00e1rio DIN\u00c2MIA-Iscte-n ikertzailea da eta Coimbra Unibertsitateko Gizarte Ikerketen Zentroan ikertzaile kolaboratzailea. Bere ikerketak ekologia politikoa eta ikuspegi feministak uztartzen ditu, elikadura-sistemetan, nekazaritzaren aldaketan eta nekazari mugimendu sozialetan desberdintasunak (ber)sortzea aztertzeko, arreta berezia jarriz Europako hegoaldean. Honako honen kidea da <a href=\"https:\/\/undisciplinedenvironments.org\/\">Undisciplined Environments Collective<\/a>.<\/p>\n<\/div><\/div>\n\n\n\n<div class=\"wp-block-media-text alignwide is-stacked-on-mobile\" style=\"grid-template-columns:28% auto\"><figure class=\"wp-block-media-text__media\"><img loading=\"lazy\" decoding=\"async\" width=\"800\" height=\"600\" src=\"https:\/\/feed4justice.ces.uc.pt\/wp-content\/uploads\/2024\/08\/cabana-iglesias-edited.jpg\" alt=\"\" class=\"wp-image-50 size-full\" srcset=\"https:\/\/feed4justice.ces.uc.pt\/wp-content\/uploads\/2024\/08\/cabana-iglesias-edited.jpg 800w, https:\/\/feed4justice.ces.uc.pt\/wp-content\/uploads\/2024\/08\/cabana-iglesias-edited-300x225.jpg 300w, https:\/\/feed4justice.ces.uc.pt\/wp-content\/uploads\/2024\/08\/cabana-iglesias-edited-768x576.jpg 768w\" sizes=\"auto, (max-width: 800px) 100vw, 800px\" \/><\/figure><div class=\"wp-block-media-text__content\">\n<p>Ana Cabana Iglesia Santiago de Compostelako Unibertsitateko Irakasle Titularra da. Historialari agrarioa da, eta bereziki interesatzen zaizkio: Frankismo garaiko gizarte-jarrerak; Nekazaritza-politikak eta Espainiako landa-eremu garaikidean izandako aldaketa-prozesuak; XX. mendeko gatazka sozio-ingurumenekoak; Ondasun komunak; Landako emakumearen historia. Ikerketa-taldeko kidea da&nbsp;<a href=\"https:\/\/histagra.usc.es\/es\">Histagra<\/a>.<\/p>\n<\/div><\/div>\n\n\n\n<div class=\"wp-block-media-text alignwide is-stacked-on-mobile\" style=\"grid-template-columns:28% auto\"><figure class=\"wp-block-media-text__media\"><img loading=\"lazy\" decoding=\"async\" width=\"243\" height=\"168\" src=\"https:\/\/feed4justice.ces.uc.pt\/wp-content\/uploads\/2024\/08\/download-1-e1746691496965.jpeg\" alt=\"\" class=\"wp-image-51 size-full\"\/><\/figure><div class=\"wp-block-media-text__content\">\n<p>Joseba Azkarraga Soziologiako irakasle iraunkorra da Euskal Herriko Unibertsitatean. Bere ikerketa komunitate- eta gizarte-ekologia-erresilientzian, elikadura-burujabetzaren eta agroekologiaren dimentsio kulturaletan, eta subjektibitatearen eta hazkunde ostekoaren arteko loturetan oinarritzen da. Honako taldeko kidea da&nbsp;<a href=\"https:\/\/ekopol.eus\/\">EKOPOL<\/a>.<\/p>\n<\/div><\/div>\n","protected":false},"excerpt":{"rendered":"<p>Rita Calv\u00e1rio is a researcher at DIN\u00c2MIA&#8217;CET-Iscte and a collaborative researcher at the Centre for Social Studies, University of Coimbra. Her research combines political ecology and feminist perspectives to study the (re)production of inequalities in food systems, agrarian change, and peasant social movements, with a focus on Southern Europe. She is&nbsp;a member of&nbsp;Undisciplined Environments Collective. [&hellip;]<\/p>\n","protected":false},"author":2,"featured_media":0,"parent":0,"menu_order":0,"comment_status":"closed","ping_status":"closed","template":"","meta":{"footnotes":""},"class_list":["post-256","page","type-page","status-publish","hentry"],"_links":{"self":[{"href":"https:\/\/feed4justice.ces.uc.pt\/index.php?rest_route=\/wp\/v2\/pages\/256","targetHints":{"allow":["GET"]}}],"collection":[{"href":"https:\/\/feed4justice.ces.uc.pt\/index.php?rest_route=\/wp\/v2\/pages"}],"about":[{"href":"https:\/\/feed4justice.ces.uc.pt\/index.php?rest_route=\/wp\/v2\/types\/page"}],"author":[{"embeddable":true,"href":"https:\/\/feed4justice.ces.uc.pt\/index.php?rest_route=\/wp\/v2\/users\/2"}],"replies":[{"embeddable":true,"href":"https:\/\/feed4justice.ces.uc.pt\/index.php?rest_route=%2Fwp%2Fv2%2Fcomments&post=256"}],"version-history":[{"count":17,"href":"https:\/\/feed4justice.ces.uc.pt\/index.php?rest_route=\/wp\/v2\/pages\/256\/revisions"}],"predecessor-version":[{"id":1929,"href":"https:\/\/feed4justice.ces.uc.pt\/index.php?rest_route=\/wp\/v2\/pages\/256\/revisions\/1929"}],"wp:attachment":[{"href":"https:\/\/feed4justice.ces.uc.pt\/index.php?rest_route=%2Fwp%2Fv2%2Fmedia&parent=256"}],"curies":[{"name":"wp","href":"https:\/\/api.w.org\/{rel}","templated":true}]}}